{"id":4,"date":"2011-07-06T19:41:59","date_gmt":"2011-07-06T17:41:59","guid":{"rendered":"http:\/\/ispas-ev.de\/wordpress\/?page_id=4"},"modified":"2025-11-27T18:58:56","modified_gmt":"2025-11-27T17:58:56","slug":"termine","status":"publish","type":"page","link":"https:\/\/www.ispas-ev.de\/?page_id=4","title":{"rendered":"Termine"},"content":{"rendered":"<table style=\"font-size: small; border: 0px solid #009900; height: 8094px; width: 97.0915%;\" border=\"0\" width=\"718\" frame=\"box\" cellspacing=\"5\" cellpadding=\"10\">\n<thead>\n<tr style=\"background-color: #008000; height: 36px;\">\n<td style=\"text-align: right; height: 36px; width: 21.0779%; background-color: #2b8731;\"><span style=\"color: #ccffcc;\"><strong>Zeitpunkt<\/strong><\/span><\/td>\n<td style=\"height: 36px; width: 54.3221%; background-color: #2b8731;\"><span style=\"color: #ccffcc;\"><strong>Ereignis<\/strong><\/span><\/td>\n<td style=\"height: 36px; width: 29.6151%; background-color: #2b8731;\"><span style=\"color: #ccffcc;\"><strong>Ort<\/strong><\/span><\/td>\n<\/tr>\n<tr>\n<td style=\"background-color: #ccffae; text-align: center; width: 75.4%;\" colspan=\"2\"><span style=\"font-family: arial, helvetica, sans-serif; font-size: 12pt;\"><strong>2026<\/strong><\/span><\/td>\n<td style=\"background-color: #ccffae; text-align: left; width: 29.6151%;\">&nbsp;<\/td>\n<\/tr>\n<tr>\n<td style=\"background-color: #edfee3; text-align: right; width: 21.0779%;\"><strong><span style=\"font-size: 12pt; font-family: arial, helvetica, sans-serif;\">13.01.26; 19.30<\/span><\/strong><\/td>\n<td style=\"background-color: #edfee3; width: 54.3221%;\"><strong><span style=\"font-family: arial, helvetica, sans-serif; font-size: 12pt;\">Erweiterte Vorstandssitzung<\/span><\/strong><\/td>\n<td style=\"background-color: #edfee3; text-align: right; width: 29.6151%;\"><span style=\"color: #008000; font-size: 12pt; font-family: arial, helvetica, sans-serif;\">Pfarramt Dreifaltigkeitskirche&nbsp;<\/span><\/td>\n<\/tr>\n<tr style=\"height: 35px;\">\n<td style=\"background-color: #ccffae; text-align: center; height: 35px;\" colspan=\"2\"><span style=\"font-family: arial, helvetica, sans-serif; font-size: 12pt;\"><strong>2025<\/strong><\/span><\/td>\n<td style=\"background-color: #ccffae; text-align: left; width: 29.6151%; height: 35px;\">&nbsp;<\/td>\n<\/tr>\n<tr>\n<td style=\"background-color: #edfee3; text-align: right; width: 21.0779%;\"><strong><span style=\"font-size: 12pt; font-family: arial, helvetica, sans-serif;\">09.12.25; 18.30<\/span><\/strong><\/td>\n<td style=\"background-color: #edfee3; width: 54.3221%;\"><strong><span style=\"font-family: arial, helvetica, sans-serif; font-size: 12pt;\">Jahresabschlusstreffen in der Gastst\u00e4tte Funzel<\/span><\/strong><\/td>\n<td style=\"background-color: #edfee3; text-align: right; width: 29.6151%;\"><a href=\"https:\/\/www.altstadtlokal-funzel.de\/index.html\" target=\"_blank\" rel=\"noopener\"><span style=\"color: #008000; font-size: 12pt; font-family: arial, helvetica, sans-serif;\">Funzel Sindelfingen<\/span><\/a><\/td>\n<\/tr>\n<tr>\n<td style=\"background-color: #edfee3; text-align: right; width: 21.0779%;\"><strong><span style=\"font-size: 12pt; font-family: arial, helvetica, sans-serif;\">17.11.25; 15.30<\/span><\/strong><\/td>\n<td style=\"background-color: #edfee3; width: 54.3221%;\"><strong><span style=\"font-family: arial, helvetica, sans-serif; font-size: 12pt;\">ISPAS Baumpflanzung im Dronfield-Park<\/span><\/strong><\/td>\n<td style=\"background-color: #edfee3; text-align: right; width: 29.6151%;\"><span style=\"color: #008000; font-size: 12pt; font-family: arial, helvetica, sans-serif;\">&nbsp;<\/span><\/td>\n<\/tr>\n<tr>\n<td style=\"background-color: #edfee3; text-align: right; width: 21.0779%;\"><strong><span style=\"font-size: 12pt; font-family: arial, helvetica, sans-serif;\">02.10. &#8211; 06.10.25<\/span><\/strong><\/td>\n<td style=\"background-color: #edfee3; width: 54.3221%;\"><strong><span style=\"font-family: arial, helvetica, sans-serif; font-size: 12pt;\">B\u00fcrgerfahrt nach Torgau<\/span><\/strong><\/td>\n<td style=\"background-color: #edfee3; text-align: right; width: 29.6151%;\"><span style=\"color: #008000; font-size: 12pt; font-family: arial, helvetica, sans-serif;\">&nbsp;<\/span><\/td>\n<\/tr>\n<tr>\n<td style=\"background-color: #edfee3; text-align: right; width: 21.0779%;\"><span style=\"font-family: arial, helvetica, sans-serif; font-size: 12pt;\"><strong>16.09.25; <em>19.30<\/em><\/strong><\/span><\/td>\n<td style=\"background-color: #edfee3; width: 54.3221%;\"><strong><span style=\"font-family: arial, helvetica, sans-serif; font-size: 12pt;\">Erweiterte Vorstandssitzung<\/span><\/strong><\/td>\n<td style=\"background-color: #edfee3; text-align: right; width: 29.6151%;\"><span style=\"color: #008000; font-size: 12pt; font-family: arial, helvetica, sans-serif;\">Pfarramt Dreifaltigkeitskirche<\/span><\/td>\n<\/tr>\n<tr>\n<td style=\"background-color: #edfee3; text-align: right; width: 21.0779%;\"><strong><span style=\"font-size: 12pt; font-family: arial, helvetica, sans-serif;\">04.07.25;<\/span><em><span style=\"font-size: 12pt; font-family: arial, helvetica, sans-serif;\"> 19.00<\/span><\/em><\/strong><\/td>\n<td style=\"background-color: #edfee3; width: 54.3221%;\"><strong><span style=\"font-family: arial, helvetica, sans-serif; font-size: 12pt;\">Feier &#8222;30 Jahre ISPAS&#8220;<\/span><\/strong><\/td>\n<td style=\"background-color: #edfee3; text-align: right; width: 29.6151%;\"><span style=\"color: #008000; font-size: 12pt; font-family: arial, helvetica, sans-serif;\">Gemeindesaal Dreifaltigkeitskirche<\/span><\/td>\n<\/tr>\n<tr>\n<td style=\"background-color: #edfee3; text-align: right; width: 21.0779%;\"><strong><span style=\"font-size: 12pt; font-family: arial, helvetica, sans-serif;\">04.07.25; <em>17.00<\/em><\/span><\/strong><\/td>\n<td style=\"background-color: #edfee3; width: 54.3221%;\"><strong><span style=\"font-family: arial, helvetica, sans-serif; font-size: 12pt;\">Mitgliederversammlung<\/span><\/strong><\/td>\n<td style=\"background-color: #edfee3; text-align: right; width: 29.6151%;\"><span style=\"color: #008000; font-size: 12pt; font-family: arial, helvetica, sans-serif;\">Gemeindesaal Dreifaltigkeitskirche<\/span><\/td>\n<\/tr>\n<tr>\n<td style=\"background-color: #edfee3; text-align: right; width: 21.0779%;\"><strong><span style=\"font-size: 12pt; font-family: arial, helvetica, sans-serif;\">13.06. bis 15.06.25<\/span><\/strong><\/td>\n<td style=\"background-color: #edfee3; width: 54.3221%;\"><strong><span style=\"font-family: arial, helvetica, sans-serif; font-size: 12pt;\">Internationales Stra\u00dfenfest, Partnerschaftsstra\u00dfe<\/span><\/strong><\/td>\n<td style=\"background-color: #edfee3; text-align: right; width: 29.6151%;\"><span style=\"color: #008000; font-size: 12pt; font-family: arial, helvetica, sans-serif;\">Ziegelstra\u00dfe\/Ecke Planie<\/span><\/td>\n<\/tr>\n<tr style=\"height: 35px;\">\n<td style=\"background-color: #edfee3; text-align: right; width: 21.0779%; height: 35px;\"><strong><span style=\"font-size: 12pt; font-family: arial, helvetica, sans-serif;\">12.06.25; <em>18.00<\/em><\/span><\/strong><\/td>\n<td style=\"background-color: #edfee3; width: 54.3221%; height: 35px;\"><strong><span style=\"font-family: arial, helvetica, sans-serif; font-size: 12pt;\">Partnerschaftsabend<\/span><\/strong><\/td>\n<td style=\"background-color: #edfee3; text-align: right; width: 29.6151%; height: 35px;\"><span style=\"color: #008000; font-size: 12pt; font-family: arial, helvetica, sans-serif;\">Stadthalle Sindelfingen<\/span><\/td>\n<\/tr>\n<tr style=\"height: 46px;\">\n<td style=\"background-color: #edfee3; text-align: right; width: 21.0779%; height: 46px;\"><strong><span style=\"font-size: 12pt; font-family: arial, helvetica, sans-serif;\">03.06.25;&nbsp;<em> 19.30<\/em><\/span><\/strong><\/td>\n<td style=\"background-color: #edfee3; width: 54.3221%; height: 46px;\"><strong><span style=\"font-family: arial, helvetica, sans-serif; font-size: 12pt;\">Erweiterte Vorstandssitzung<\/span><\/strong><\/td>\n<td style=\"background-color: #edfee3; text-align: right; width: 29.6151%; height: 46px;\"><span style=\"color: #008000; font-size: 12pt; font-family: arial, helvetica, sans-serif;\">Pfarramt Dreifaltigkeit<\/span><\/td>\n<\/tr>\n<tr style=\"height: 35px;\">\n<td style=\"background-color: #edfee3; text-align: right; width: 21.0779%; height: 35px;\"><strong><span style=\"font-size: 12pt; font-family: arial, helvetica, sans-serif;\">08.04.25; 19.30<\/span><\/strong><\/td>\n<td style=\"background-color: #edfee3; width: 54.3221%; height: 35px;\"><strong><span style=\"font-family: arial, helvetica, sans-serif; font-size: 12pt;\">Erweiterte Vorstandssitzung<\/span><\/strong><\/td>\n<td style=\"background-color: #edfee3; text-align: right; width: 29.6151%; height: 35px;\"><span style=\"color: #008000; font-size: 12pt; font-family: arial, helvetica, sans-serif;\">Pfarramt Dreifaltigkeit<\/span><\/td>\n<\/tr>\n<tr style=\"height: 35px;\">\n<td style=\"background-color: #edfee3; text-align: right; width: 21.0779%; height: 35px;\"><strong><span style=\"font-size: 12pt; font-family: arial, helvetica, sans-serif;\">11.03.25;&nbsp;<em>19.30<\/em><\/span><\/strong><\/td>\n<td style=\"background-color: #edfee3; width: 54.3221%; height: 35px;\"><strong><span style=\"font-family: arial, helvetica, sans-serif; font-size: 12pt;\">Erweiterte Vorstandssitzung<\/span><\/strong><\/td>\n<td style=\"background-color: #edfee3; text-align: right; width: 29.6151%; height: 35px;\"><span style=\"color: #008000; font-size: 12pt; font-family: arial, helvetica, sans-serif;\">Pfarramt Dreifaltigkeit<\/span><\/td>\n<\/tr>\n<tr style=\"height: 35px;\">\n<td style=\"background-color: #edfee3; text-align: right; width: 21.0779%; height: 35px;\"><strong><span style=\"font-size: 12pt; font-family: arial, helvetica, sans-serif;\">11.02.25;&nbsp;<em>19.30<\/em><\/span><\/strong><\/td>\n<td style=\"background-color: #edfee3; width: 54.3221%; height: 35px;\"><strong><span style=\"font-family: arial, helvetica, sans-serif; font-size: 12pt;\">Erweiterte Vorstandssitzung<\/span><\/strong><\/td>\n<td style=\"background-color: #edfee3; text-align: right; width: 29.6151%; height: 35px;\"><span style=\"color: #008000; font-size: 12pt; font-family: arial, helvetica, sans-serif;\">Pfarramt Dreifaltigkeit<\/span><\/td>\n<\/tr>\n<tr style=\"height: 35px;\">\n<td style=\"background-color: #edfee3; text-align: right; width: 21.0779%; height: 35px;\"><strong><span style=\"font-size: 12pt; font-family: arial, helvetica, sans-serif;\">14.01.25; <em>19.30<\/em><\/span><\/strong><\/td>\n<td style=\"background-color: #edfee3; width: 54.3221%; height: 35px;\"><strong><span style=\"font-family: arial, helvetica, sans-serif; font-size: 12pt;\">Erweiterte Vorstandssitzung<\/span><\/strong><\/td>\n<td style=\"background-color: #edfee3; text-align: right; width: 29.6151%; height: 35px;\"><span style=\"color: #008000; font-size: 12pt; font-family: arial, helvetica, sans-serif;\">Pfarramt Dreifaltigkeit<\/span><\/td>\n<\/tr>\n<tr style=\"height: 36px;\">\n<td style=\"background-color: #ccffae; text-align: center; height: 36px; width: 75.4%;\" colspan=\"2\"><span style=\"font-family: arial, helvetica, sans-serif; font-size: 12pt;\"><strong>2024&nbsp;<\/strong><\/span><\/td>\n<td style=\"background-color: #ccffae; text-align: left; width: 29.6151%; height: 36px;\">&nbsp;<\/td>\n<\/tr>\n<tr style=\"height: 35px;\">\n<td style=\"background-color: #edfee3; text-align: right; width: 21.0779%; height: 35px;\"><strong><span style=\"font-size: 12pt; font-family: arial, helvetica, sans-serif;\">10.12.24;<\/span><\/strong><strong style=\"font-size: 13px;\"><span style=\"font-size: 12pt; font-family: arial, helvetica, sans-serif;\">&nbsp;<em>19.30<\/em><\/span><\/strong><\/td>\n<td style=\"background-color: #edfee3; width: 54.3221%; height: 35px;\"><strong><span style=\"font-family: arial, helvetica, sans-serif; font-size: 12pt;\">Erweiterte Vorstandssitzung<\/span><\/strong><\/td>\n<td style=\"background-color: #edfee3; text-align: right; width: 29.6151%; height: 35px;\"><span style=\"color: #008000; font-size: 12pt; font-family: arial, helvetica, sans-serif;\">Pfarramt Dreifaltigkeit<\/span><\/td>\n<\/tr>\n<tr style=\"height: 35px;\">\n<td style=\"background-color: #edfee3; text-align: right; width: 21.0779%; height: 35px;\"><strong><span style=\"font-size: 12pt; font-family: arial, helvetica, sans-serif;\">10.12.24; <em>11.30<\/em><\/span><\/strong><\/td>\n<td style=\"background-color: #edfee3; width: 54.3221%; height: 35px;\"><strong><span style=\"font-family: arial, helvetica, sans-serif; font-size: 12pt;\">Hissen der Sindelfinger Menschenrechtsfahne<\/span><\/strong><\/td>\n<td style=\"background-color: #edfee3; text-align: right; width: 29.6151%; height: 35px;\"><span style=\"color: #008000; font-size: 12pt; font-family: arial, helvetica, sans-serif;\">Rathausvorplatz<\/span><\/td>\n<\/tr>\n<tr style=\"height: 35px;\">\n<td style=\"background-color: #edfee3; text-align: right; width: 21.0779%; height: 35px;\"><strong><span style=\"font-size: 12pt; font-family: arial, helvetica, sans-serif;\">12.11.24; <em>19.30<\/em><\/span><\/strong><\/td>\n<td style=\"background-color: #edfee3; width: 54.3221%; height: 35px;\"><strong><span style=\"font-family: arial, helvetica, sans-serif; font-size: 12pt;\">Erweiterte Vorstandssitzung<\/span><\/strong><\/td>\n<td style=\"background-color: #edfee3; text-align: right; width: 29.6151%; height: 35px;\"><span style=\"color: #008000; font-size: 12pt; font-family: arial, helvetica, sans-serif;\">Pfarramt Dreifaltigkeit<\/span><\/td>\n<\/tr>\n<tr style=\"height: 35px;\">\n<td style=\"background-color: #edfee3; text-align: right; width: 21.0779%; height: 35px;\"><strong><span style=\"font-size: 12pt; font-family: arial, helvetica, sans-serif;\">10.10.; <em>19.00<\/em><\/span><\/strong><\/td>\n<td style=\"background-color: #edfee3; width: 54.3221%; height: 35px;\"><strong><span style=\"font-family: arial, helvetica, sans-serif; font-size: 12pt;\">Mitgliederveranstaltung: Besuch im Haus der Geschichte<\/span><\/strong><\/td>\n<td style=\"background-color: #edfee3; text-align: right; width: 29.6151%; height: 35px;\"><span style=\"color: #008000; font-size: 12pt; font-family: arial, helvetica, sans-serif;\">Haus der Geschichte in Stuttgart<\/span><\/td>\n<\/tr>\n<tr style=\"height: 35px;\">\n<td style=\"background-color: #edfee3; text-align: right; width: 21.0779%; height: 35px;\"><strong><span style=\"font-size: 12pt; font-family: arial, helvetica, sans-serif;\">27.09.24; <em>18.00<\/em><\/span><\/strong><\/td>\n<td style=\"background-color: #edfee3; width: 54.3221%; height: 35px;\"><strong><span style=\"font-family: arial, helvetica, sans-serif; font-size: 12pt;\">Mitgliederversammlung<\/span><\/strong><\/td>\n<td style=\"background-color: #edfee3; text-align: right; width: 29.6151%; height: 35px;\"><span style=\"color: #008000; font-size: 12pt; font-family: arial, helvetica, sans-serif;\">Gemeindesaal Dreifaltigkeit<\/span><\/td>\n<\/tr>\n<tr style=\"height: 35px;\">\n<td style=\"background-color: #edfee3; text-align: right; width: 21.0779%; height: 35px;\"><strong><span style=\"font-size: 12pt; font-family: arial, helvetica, sans-serif;\">19.09. &#8211; 23.09.<\/span><\/strong><\/td>\n<td style=\"background-color: #edfee3; width: 54.3221%; height: 35px;\"><strong><span style=\"font-family: arial, helvetica, sans-serif; font-size: 12pt;\">B\u00fcrgerfahrt aus Dronfield<\/span><\/strong><\/td>\n<td style=\"background-color: #edfee3; text-align: right; width: 29.6151%; height: 35px;\"><span style=\"color: #008000; font-size: 12pt; font-family: arial, helvetica, sans-serif;\">&nbsp;<\/span><\/td>\n<\/tr>\n<tr style=\"height: 35px;\">\n<td style=\"background-color: #edfee3; text-align: right; width: 21.0779%; height: 35px;\"><strong><span style=\"font-size: 12pt; font-family: arial, helvetica, sans-serif;\">17.09.; <em>19.30<\/em><\/span><\/strong><\/td>\n<td style=\"background-color: #edfee3; width: 54.3221%; height: 35px;\"><strong><span style=\"font-family: arial, helvetica, sans-serif; font-size: 12pt;\">Erweiterte Vorstandssitzung<\/span><\/strong><\/td>\n<td style=\"background-color: #edfee3; text-align: right; width: 29.6151%; height: 35px;\"><span style=\"color: #008000; font-size: 12pt; font-family: arial, helvetica, sans-serif;\">Pfarramt Dreifaltigkeit<\/span><\/td>\n<\/tr>\n<tr style=\"height: 35px;\">\n<td style=\"background-color: #edfee3; text-align: right; width: 21.0779%; height: 35px;\"><strong><span style=\"font-size: 12pt; font-family: arial, helvetica, sans-serif;\">06.09. &#8211; 09.09.<\/span><\/strong><\/td>\n<td style=\"background-color: #edfee3; width: 54.3221%; height: 35px;\"><strong><span style=\"font-family: arial, helvetica, sans-serif; font-size: 12pt;\">Schweizreise mit Besuch in Schaffhausen<\/span><\/strong><\/td>\n<td style=\"background-color: #edfee3; text-align: right; width: 29.6151%; height: 35px;\"><span style=\"color: #008000; font-size: 12pt; font-family: arial, helvetica, sans-serif;\">&nbsp;<\/span><\/td>\n<\/tr>\n<tr style=\"height: 35px;\">\n<td style=\"background-color: #edfee3; text-align: right; width: 21.0779%; height: 35px;\"><strong><span style=\"font-size: 12pt; font-family: arial, helvetica, sans-serif;\">02.07.24; <em>19.30<\/em><\/span><\/strong><\/td>\n<td style=\"background-color: #edfee3; width: 54.3221%; height: 35px;\"><strong><span style=\"font-family: arial, helvetica, sans-serif; font-size: 12pt;\">Erweiterte Vorstandssitzung<\/span><\/strong><\/td>\n<td style=\"background-color: #edfee3; text-align: right; width: 29.6151%; height: 35px;\"><span style=\"color: #008000; font-size: 12pt; font-family: arial, helvetica, sans-serif;\">Pfarramt&nbsp; Dreifaltigkeit<\/span><\/td>\n<\/tr>\n<tr style=\"height: 35px;\">\n<td style=\"background-color: #edfee3; text-align: right; width: 21.0779%; height: 35px;\"><strong><span style=\"font-size: 12pt; font-family: arial, helvetica, sans-serif;\">21.06. &#8211; 23.06<\/span><\/strong><\/td>\n<td style=\"background-color: #edfee3; width: 54.3221%; height: 35px;\"><strong><span style=\"font-family: arial, helvetica, sans-serif; font-size: 12pt;\">Internationales Stra\u00dfenfest<\/span><\/strong><\/td>\n<td style=\"background-color: #edfee3; text-align: right; width: 29.6151%; height: 35px;\"><span style=\"color: #008000; font-size: 12pt; font-family: arial, helvetica, sans-serif;\">Ziegelstra\u00dfe<\/span><\/td>\n<\/tr>\n<tr style=\"height: 35px;\">\n<td style=\"background-color: #edfee3; text-align: right; width: 21.0779%; height: 35px;\"><strong><span style=\"font-size: 12pt; font-family: arial, helvetica, sans-serif;\">20.06.24<\/span><\/strong><\/td>\n<td style=\"background-color: #edfee3; width: 54.3221%; height: 35px;\"><strong><span style=\"font-family: arial, helvetica, sans-serif; font-size: 12pt;\">Partnerschaftsabend<\/span><\/strong><\/td>\n<td style=\"background-color: #edfee3; text-align: right; width: 29.6151%; height: 35px;\"><span style=\"color: #008000; font-size: 12pt; font-family: arial, helvetica, sans-serif;\">B\u00fcrgerhaus Maichingen<\/span><\/td>\n<\/tr>\n<tr style=\"height: 35px;\">\n<td style=\"background-color: #edfee3; text-align: right; width: 21.0779%; height: 35px;\"><strong><span style=\"font-size: 12pt; font-family: arial, helvetica, sans-serif;\">04.06.24; <em>19.30<\/em><\/span><\/strong><\/td>\n<td style=\"background-color: #edfee3; width: 54.3221%; height: 35px;\"><strong><span style=\"font-family: arial, helvetica, sans-serif; font-size: 12pt;\">Erweiterte Vorstandssitzung<\/span><\/strong><\/td>\n<td style=\"background-color: #edfee3; text-align: right; width: 29.6151%; height: 35px;\"><span style=\"color: #008000; font-size: 12pt; font-family: arial, helvetica, sans-serif;\">Pfarramt Dreifaltigkeit<\/span><\/td>\n<\/tr>\n<tr style=\"height: 35px;\">\n<td style=\"background-color: #edfee3; text-align: right; width: 21.0779%; height: 35px;\"><strong><span style=\"font-size: 12pt; font-family: arial, helvetica, sans-serif;\">23.04.24;<em> 19.30<\/em><\/span><\/strong><\/td>\n<td style=\"background-color: #edfee3; width: 54.3221%; height: 35px;\"><strong><span style=\"font-family: arial, helvetica, sans-serif; font-size: 12pt;\">Erweiterte Vorstandssitzung<\/span><\/strong><\/td>\n<td style=\"background-color: #edfee3; text-align: right; width: 29.6151%; height: 35px;\"><span style=\"color: #008000; font-size: 12pt; font-family: arial, helvetica, sans-serif;\">Pfarramt Dreifaltigkeit<\/span><\/td>\n<\/tr>\n<tr style=\"height: 35px;\">\n<td style=\"background-color: #edfee3; text-align: right; width: 21.0779%; height: 35px;\"><strong><span style=\"font-size: 12pt; font-family: arial, helvetica, sans-serif;\">04.03.24; <em>19.30<\/em><\/span><\/strong><\/td>\n<td style=\"background-color: #edfee3; width: 54.3221%; height: 35px;\"><strong><span style=\"font-family: arial, helvetica, sans-serif; font-size: 12pt;\">Erweiterte Vorstandssitzung<\/span><\/strong><\/td>\n<td style=\"background-color: #edfee3; text-align: right; width: 29.6151%; height: 35px;\"><span style=\"color: #008000; font-size: 12pt; font-family: arial, helvetica, sans-serif;\">Pfarramt Dreifaltigkeit<\/span><\/td>\n<\/tr>\n<tr style=\"height: 40px;\">\n<td style=\"background-color: #edfee3; text-align: right; width: 21.0779%; height: 40px;\"><strong><span style=\"font-size: 12pt; font-family: arial, helvetica, sans-serif;\">16.02.24<\/span><\/strong><\/td>\n<td style=\"background-color: #edfee3; width: 54.3221%; height: 40px;\"><strong><span style=\"font-family: arial, helvetica, sans-serif; font-size: 12pt;\">&nbsp;Nachtreffen der B\u00fcrgerfahrt Gy\u00f6r<\/span><\/strong><\/td>\n<td style=\"background-color: #edfee3; text-align: right; width: 29.6151%; height: 40px;\"><span style=\"color: #008000; font-size: 12pt; font-family: arial, helvetica, sans-serif;\">&nbsp;<\/span><\/td>\n<\/tr>\n<tr style=\"height: 36px;\">\n<td style=\"background-color: #edfee3; text-align: right; width: 21.0779%; height: 36px;\"><strong><span style=\"font-size: 12pt; font-family: arial, helvetica, sans-serif;\">22.01.24; <em>19.30<\/em><\/span><\/strong><\/td>\n<td style=\"background-color: #edfee3; width: 54.3221%; height: 36px;\"><strong><span style=\"font-family: arial, helvetica, sans-serif; font-size: 12pt;\">Erweiterte Vorstandssitzung <span style=\"color: #ff0000;\">(Neuer Termin)<\/span><\/span><\/strong><\/td>\n<td style=\"background-color: #edfee3; text-align: right; width: 29.6151%; height: 36px;\"><span style=\"color: #008000; font-size: 12pt; font-family: arial, helvetica, sans-serif;\">Pfarramt Dreifaltigkeit<\/span><\/td>\n<\/tr>\n<tr style=\"height: 36px;\">\n<td style=\"background-color: #ccffae; text-align: center; height: 36px; width: 75.4%;\" colspan=\"2\"><strong><span style=\"font-family: arial, helvetica, sans-serif; font-size: 12pt;\">2023<\/span><\/strong><\/td>\n<td style=\"background-color: #ccffae; text-align: left; width: 29.6151%; height: 36px;\">&nbsp;<\/td>\n<\/tr>\n<tr style=\"height: 36px;\">\n<td style=\"background-color: #edfee3; text-align: right; width: 21.0779%; height: 36px;\"><span style=\"font-size: 12pt; font-family: arial, helvetica, sans-serif;\"><strong>09.12.23; <em>16.00<\/em><\/strong><\/span><\/td>\n<td style=\"background-color: #edfee3; width: 54.3221%; height: 36px;\"><span style=\"font-size: 12pt; font-family: arial, helvetica, sans-serif;\"><strong>ISPAS-Treff auf dem Weihnachtsmarkt<\/strong><\/span><\/td>\n<td style=\"background-color: #edfee3; text-align: right; width: 29.6151%; height: 36px;\"><span style=\"color: #008000; font-size: 12pt; font-family: arial, helvetica, sans-serif;\">Torgauer Stand<\/span><\/td>\n<\/tr>\n<tr style=\"height: 36px;\">\n<td style=\"background-color: #edfee3; text-align: right; width: 21.0779%; height: 36px;\"><span style=\"font-family: arial, helvetica, sans-serif; font-size: 12pt;\"><strong>08.12.23 &#8211; 10.12.23<\/strong><\/span><\/td>\n<td style=\"background-color: #edfee3; width: 54.3221%; height: 36px;\"><span style=\"font-family: arial, helvetica, sans-serif; font-size: 12pt;\"><strong>Weihnachtsmarkt<\/strong><\/span><\/td>\n<td style=\"background-color: #edfee3; text-align: right; width: 29.6151%; height: 36px;\"><span style=\"color: #008000; font-family: arial, helvetica, sans-serif; font-size: 12pt;\">Sindelfingen Marktplatz<\/span><\/td>\n<\/tr>\n<tr style=\"height: 36px;\">\n<td style=\"background-color: #edfee3; text-align: right; width: 21.0779%; height: 36px;\"><del><span style=\"font-family: arial, helvetica, sans-serif; font-size: 12pt;\"><strong>&nbsp; 04.12.2023; <em>19.30<\/em><\/strong><\/span><\/del><\/td>\n<td style=\"background-color: #edfee3; width: 54.3221%; height: 36px;\"><del><span style=\"font-family: arial, helvetica, sans-serif; font-size: 12pt;\"><strong>Erweiterte&nbsp;<\/strong><\/span><\/del><del><span style=\"font-family: arial, helvetica, sans-serif; font-size: 12pt;\"><strong> Vorstandssitzung&nbsp; <span>(Neuer Termin)<\/span><\/strong><\/span><\/del><\/td>\n<td style=\"background-color: #edfee3; text-align: right; width: 29.6151%; height: 36px;\"><span style=\"color: #008000; font-family: arial, helvetica, sans-serif; font-size: 12pt;\">Gemeindehaus Dreifaltigkeit<br \/>\n<\/span><\/td>\n<\/tr>\n<tr style=\"height: 36px;\">\n<td style=\"background-color: #edfee3; text-align: right; width: 21.0779%; height: 36px;\"><span style=\"font-family: arial, helvetica, sans-serif; font-size: 12pt;\"><del><strong>28.11.23; <em>19.30<\/em><\/strong><\/del><\/span><\/td>\n<td style=\"background-color: #edfee3; width: 54.3221%; height: 36px;\"><span style=\"font-family: arial, helvetica, sans-serif; font-size: 12pt;\"><del><strong>Erweiterte Vorstandssitzung<\/strong><\/del><strong>&nbsp;<\/strong><\/span><\/td>\n<td style=\"background-color: #edfee3; text-align: right; width: 29.6151%; height: 36px;\">&nbsp;<\/td>\n<\/tr>\n<tr style=\"height: 63px;\">\n<td style=\"background-color: #edfee3; text-align: right; width: 21.0779%; height: 63px;\"><span style=\"font-family: arial, helvetica, sans-serif; font-size: 12pt;\"><strong>&nbsp; -13.10.23;<em> 16.00<\/em><\/strong><\/span><\/td>\n<td style=\"background-color: #edfee3; width: 54.3221%; height: 63px;\"><span style=\"font-family: arial, helvetica, sans-serif; font-size: 12pt;\"><strong>Waldspaziergang<\/strong><\/span><\/td>\n<td style=\"background-color: #edfee3; text-align: right; width: 29.6151%; height: 63px;\"><span style=\"color: #339966; font-family: arial, helvetica, sans-serif; font-size: 12pt;\">Treff- und Endpunkt Vereinsgastst\u00e4tte Schwarzwaldverein<\/span><\/td>\n<\/tr>\n<tr style=\"height: 36px;\">\n<td style=\"background-color: #edfee3; text-align: right; width: 21.0779%; height: 36px;\"><span style=\"font-family: arial, helvetica, sans-serif; font-size: 12pt;\"><strong>10.10.23; <em>19.30<\/em><\/strong><\/span><\/td>\n<td style=\"background-color: #edfee3; width: 54.3221%; height: 36px;\"><span style=\"font-family: arial, helvetica, sans-serif; font-size: 12pt;\"><strong>Erweiterte Vorstandssitzung<\/strong><\/span><\/td>\n<td style=\"background-color: #edfee3; text-align: right; width: 29.6151%; height: 36px;\"><span style=\"color: #008000; font-family: arial, helvetica, sans-serif; font-size: 12pt;\">Gemeindehaus Dreifaltigkeit<\/span><\/td>\n<\/tr>\n<tr style=\"height: 36px;\">\n<td style=\"background-color: #edfee3; text-align: right; width: 21.0779%; height: 36px;\"><span style=\"font-family: arial, helvetica, sans-serif; font-size: 12pt;\"><strong>29.09. -04.10.23<\/strong><\/span><\/td>\n<td style=\"background-color: #edfee3; width: 54.3221%; height: 36px;\"><span style=\"font-family: arial, helvetica, sans-serif; font-size: 12pt;\"><strong>B\u00fcrgerfahrt nach Gy\u00f6r via \u00d6sterreich<\/strong><\/span><\/td>\n<td style=\"background-color: #edfee3; text-align: right; width: 29.6151%; height: 36px;\"><span style=\"color: #008000; font-family: arial, helvetica, sans-serif; font-size: 12pt;\">&nbsp;<\/span><\/td>\n<\/tr>\n<tr style=\"height: 36px;\">\n<td style=\"background-color: #edfee3; text-align: right; width: 21.0779%; height: 36px;\"><span style=\"color: #ff0000; font-family: arial, helvetica, sans-serif; font-size: 12pt;\"><strong>15.09..23; <em>18.00<\/em><\/strong><\/span><\/td>\n<td style=\"background-color: #edfee3; width: 54.3221%; height: 36px;\"><span style=\"color: #ff0000; font-family: arial, helvetica, sans-serif; font-size: 12pt;\"><strong>MITGLIEDERVERSAMMLUNG (Neuer Termin)<\/strong><\/span><\/td>\n<td style=\"background-color: #edfee3; text-align: right; width: 29.6151%; height: 36px;\"><span style=\"color: #008000; font-family: arial, helvetica, sans-serif; font-size: 12pt;\">Gemeindehaus Dreifaltigkeit, Gemeindesaal <\/span><\/td>\n<\/tr>\n<tr style=\"height: 98px;\">\n<td style=\"background-color: #edfee3; text-align: right; width: 21.0779%; height: 98px;\"><span style=\"font-family: arial, helvetica, sans-serif; font-size: 12pt;\"><strong>18.07.23; <em>19.30<\/em><\/strong><\/span><\/p>\n<p><span style=\"font-family: arial, helvetica, sans-serif; font-size: 12pt;\"><del><strong>11.07.23; <em>19.30<\/em><\/strong><\/del><\/span><\/td>\n<td style=\"background-color: #edfee3; width: 54.3221%; height: 98px;\"><span style=\"font-family: arial, helvetica, sans-serif; font-size: 12pt;\"><strong>Erweiterte Vorstandssitzung <span style=\"color: #ff0000;\">(Neuer Termin)<\/span><\/strong><\/span><\/p>\n<p><span style=\"font-family: arial, helvetica, sans-serif; font-size: 12pt;\"><del><strong>Erweiterte Vorstandssitzung&nbsp;<\/strong><\/del><\/span><\/td>\n<td style=\"background-color: #edfee3; text-align: right; width: 29.6151%; height: 98px;\"><span style=\"color: #008000; font-family: arial, helvetica, sans-serif; font-size: 12pt;\">Gemeindehaus Dreifaltigkeit<\/span><\/td>\n<\/tr>\n<tr style=\"height: 36px;\">\n<td style=\"background-color: #edfee3; text-align: right; width: 21.0779%; height: 36px;\"><span style=\"font-family: arial, helvetica, sans-serif; font-size: 12pt;\"><strong>16.06.-18.06.<\/strong><\/span><\/td>\n<td style=\"background-color: #edfee3; width: 54.3221%; height: 36px;\"><span style=\"font-family: arial, helvetica, sans-serif; font-size: 12pt;\"><strong>Internationales Stra\u00dfenfest<\/strong><\/span><\/td>\n<td style=\"background-color: #edfee3; text-align: right; width: 29.6151%; height: 36px;\"><span style=\"color: #008000; font-family: arial, helvetica, sans-serif; font-size: 12pt;\">Partnerschaftsstra\u00dfe<\/span><\/td>\n<\/tr>\n<tr style=\"height: 36px;\">\n<td style=\"background-color: #edfee3; text-align: right; width: 21.0779%; height: 36px;\"><span style=\"font-family: arial, helvetica, sans-serif; font-size: 12pt;\"><strong>15.06.23; <em>18.00<\/em><\/strong><\/span><\/td>\n<td style=\"background-color: #edfee3; width: 54.3221%; height: 36px;\"><span style=\"font-family: arial, helvetica, sans-serif; font-size: 12pt;\"><strong>Partnerschaftsabend<\/strong><\/span><\/td>\n<td style=\"background-color: #edfee3; text-align: right; width: 29.6151%; height: 36px;\"><span style=\"color: #008000; font-family: arial, helvetica, sans-serif; font-size: 12pt;\">B\u00fcrgerhaus Maichingen<\/span><\/td>\n<\/tr>\n<tr style=\"height: 36px;\">\n<td style=\"background-color: #edfee3; text-align: right; width: 21.0779%; height: 36px;\"><span style=\"font-family: arial, helvetica, sans-serif; font-size: 12pt;\"><strong>16.05.23;<em> 19.30<\/em><\/strong><\/span><\/td>\n<td style=\"background-color: #edfee3; width: 54.3221%; height: 36px;\"><span style=\"font-family: arial, helvetica, sans-serif; font-size: 12pt;\"><strong>Erweiterte Vorstandssitzung<\/strong><\/span><\/td>\n<td style=\"background-color: #edfee3; text-align: right; width: 29.6151%; height: 36px;\"><span style=\"color: #339966; font-family: arial, helvetica, sans-serif; font-size: 12pt;\">Gemeindehaus&nbsp; Dreifaltigkeit, Bleichm\u00fchlestra\u00dfe 11<\/span><\/td>\n<\/tr>\n<tr style=\"height: 36px;\">\n<td style=\"background-color: #edfee3; text-align: right; width: 21.0779%; height: 36px;\"><span style=\"font-family: arial, helvetica, sans-serif; font-size: 12pt;\"><del><strong>18.04.23; <em>19.30<\/em><\/strong><\/del><\/span><\/td>\n<td style=\"background-color: #edfee3; width: 54.3221%; height: 36px;\"><span style=\"font-family: arial, helvetica, sans-serif; font-size: 12pt;\"><del><strong>Erweiterte Vorstandssitzung<\/strong><\/del><\/span><\/td>\n<td style=\"background-color: #edfee3; text-align: right; width: 29.6151%; height: 36px;\">&nbsp;<\/td>\n<\/tr>\n<tr style=\"height: 36px;\">\n<td style=\"background-color: #edfee3; text-align: right; width: 21.0779%; height: 36px;\"><span style=\"font-family: arial, helvetica, sans-serif; font-size: 12pt;\"><strong>29.03.23,; <em>19.00<\/em><\/strong><\/span><\/td>\n<td style=\"background-color: #edfee3; width: 54.3221%; height: 36px;\"><span style=\"color: #000000; font-family: arial, helvetica, sans-serif; font-size: 12pt;\"><strong>Partnerschafts-Begegnungsabend<\/strong><\/span><\/td>\n<td style=\"background-color: #edfee3; text-align: right; width: 29.6151%; height: 36px;\"><span style=\"color: #339966; font-family: arial, helvetica, sans-serif; font-size: 12pt;\">Turn- und Festhalle Darmsheim<\/span><\/td>\n<\/tr>\n<tr style=\"height: 36px;\">\n<td style=\"background-color: #edfee3; text-align: right; width: 21.0779%; height: 36px;\"><span style=\"font-family: arial, helvetica, sans-serif; font-size: 12pt;\"><strong>27.03.-30.03.23<\/strong><\/span><\/td>\n<td style=\"background-color: #edfee3; width: 54.3221%; height: 36px;\"><span style=\"font-family: arial, helvetica, sans-serif; font-size: 12pt;\"><strong>Gegenbesuch aus Sondrio<\/strong><\/span><\/td>\n<td style=\"background-color: #edfee3; text-align: right; width: 29.6151%; height: 36px;\">&nbsp;<\/td>\n<\/tr>\n<tr style=\"height: 36px;\">\n<td style=\"background-color: #edfee3; text-align: right; width: 21.0779%; height: 36px;\"><span style=\"font-family: arial, helvetica, sans-serif; font-size: 12pt;\"><strong>13.03.23; <em>19.30<\/em><\/strong><\/span><\/td>\n<td style=\"background-color: #edfee3; width: 54.3221%; height: 36px;\"><span style=\"font-family: arial, helvetica, sans-serif; font-size: 12pt;\"><strong>Erweiterte Vorstandssitzung<\/strong><\/span><\/td>\n<td style=\"background-color: #edfee3; text-align: right; width: 29.6151%; height: 36px;\"><span style=\"color: #339966; font-family: arial, helvetica, sans-serif; font-size: 12pt;\">Stadtteiltreff Viehweide,&nbsp; Hans-Thoma-Platz 1\/1<\/span><\/td>\n<\/tr>\n<tr style=\"height: 36px;\">\n<td style=\"background-color: #edfee3; text-align: right; width: 21.0779%; height: 36px;\"><span style=\"font-family: arial, helvetica, sans-serif; font-size: 12pt;\"><strong>23.01.23; <em>19.30<\/em><\/strong><\/span><\/td>\n<td style=\"background-color: #edfee3; width: 54.3221%; height: 36px;\"><span style=\"font-family: arial, helvetica, sans-serif; font-size: 12pt;\"><strong>Erweiterte Vorstandssitzung<\/strong><\/span><\/td>\n<td style=\"background-color: #edfee3; text-align: right; width: 29.6151%; height: 36px;\"><span style=\"color: #339966; font-family: arial, helvetica, sans-serif; font-size: 12pt;\">Lehrerzimmer SMTT<\/span><\/td>\n<\/tr>\n<tr style=\"height: 36px;\">\n<td style=\"background-color: #edfee3; text-align: right; width: 21.0779%; height: 36px;\"><span style=\"font-family: arial, helvetica, sans-serif; font-size: 12pt;\"><strong>12.01.23; <em>19.30<\/em><\/strong><\/span><\/td>\n<td style=\"background-color: #edfee3; width: 54.3221%; height: 36px;\"><span style=\"font-family: arial, helvetica, sans-serif; font-size: 12pt;\"><strong>Treffen Projektgruppe &#8222;Relaunch ISPAS Website&#8220;<\/strong><\/span><\/td>\n<td style=\"background-color: #edfee3; text-align: right; width: 29.6151%; height: 36px;\"><span style=\"color: #339966; font-family: arial, helvetica, sans-serif; font-size: 12pt;\">Altes Rath\u00e4usle Maichingen, ehemaliger Sitzungssaal<\/span><\/td>\n<\/tr>\n<tr style=\"height: 36px;\">\n<td style=\"background-color: #ccffae; text-align: center; height: 36px; width: 75.4%;\" colspan=\"2\"><span style=\"font-family: arial, helvetica, sans-serif; font-size: 12pt;\"><strong>2022<\/strong><\/span><\/td>\n<td style=\"background-color: #ccffae; text-align: left; width: 29.6151%; height: 36px;\">&nbsp;<\/td>\n<\/tr>\n<tr style=\"height: 58px;\">\n<td style=\"background-color: #edfee3; text-align: right; width: 21.0779%; height: 58px;\"><span style=\"font-family: arial, helvetica, sans-serif; font-size: 12pt;\"><strong>10.12.22; <em>10<\/em><\/strong><\/span><\/td>\n<td style=\"background-color: #edfee3; width: 54.3221%; height: 58px;\"><span style=\"font-family: arial, helvetica, sans-serif; font-size: 12pt;\"><strong>Empfang der Stadt f\u00fcr Delegationen aus den Partnerst\u00e4dten, die 2020, 2021 und 2022 Jubil\u00e4en hatten<\/strong><\/span><\/td>\n<td style=\"background-color: #edfee3; width: 29.6151%; height: 58px;\"><span style=\"color: #339966; font-family: arial, helvetica, sans-serif; font-size: 12pt;\">Foyer des Rathauses Sindelfingen<\/span><\/td>\n<\/tr>\n<tr style=\"height: 10px;\">\n<td style=\"background-color: #edfee3; text-align: right; width: 21.0779%; height: 10px;\"><span style=\"font-family: arial, helvetica, sans-serif; font-size: 12pt;\"><strong>04.12.22;<em> 16-18<\/em><\/strong><\/span><\/td>\n<td style=\"background-color: #edfee3; width: 54.3221%; height: 10px;\"><span style=\"font-family: arial, helvetica, sans-serif; font-size: 12pt;\"><strong>ISPAS-Treff auf dem Weihnachtsmarkt&nbsp;<\/strong><\/span><\/td>\n<td style=\"background-color: #edfee3; width: 29.6151%; height: 10px;\"><span style=\"color: #339966; font-family: arial, helvetica, sans-serif; font-size: 12pt;\">Beim Torgauer Stand<\/span><\/td>\n<\/tr>\n<tr style=\"height: 36px;\">\n<td style=\"background-color: #edfee3; text-align: right; width: 21.0779%; height: 36px;\"><span style=\"font-family: arial, helvetica, sans-serif; font-size: 12pt;\"><strong>28.11.22; <em>19.30<\/em><\/strong><\/span><\/td>\n<td style=\"background-color: #edfee3; width: 54.3221%; height: 36px;\"><span style=\"font-family: arial, helvetica, sans-serif; font-size: 12pt;\"><strong>Erweiterte Vorstandssitzung<\/strong><\/span><\/td>\n<td style=\"background-color: #edfee3; width: 29.6151%; height: 36px;\"><span style=\"color: #339966; font-family: arial, helvetica, sans-serif; font-size: 12pt;\">Lehrerzimmer SMTT<\/span><\/td>\n<\/tr>\n<tr style=\"height: 36px;\">\n<td style=\"background-color: #edfee3; text-align: right; width: 21.0779%; height: 36px;\"><span style=\"font-family: arial, helvetica, sans-serif; font-size: 12pt;\"><strong>21.10. &#8211; 02.11.<\/strong><\/span><\/td>\n<td style=\"background-color: #edfee3; width: 54.3221%; height: 36px;\"><span style=\"font-family: arial, helvetica, sans-serif; font-size: 12pt;\"><strong>B\u00fcrgerfahrt nach Sondrio<\/strong><\/span><\/td>\n<td style=\"background-color: #edfee3; width: 29.6151%; height: 36px;\"><span style=\"color: #339966; font-family: arial, helvetica, sans-serif; font-size: 12pt;\">7.30 Abfahrt Glaspalast<\/span><\/td>\n<\/tr>\n<tr style=\"height: 36px;\">\n<td style=\"background-color: #edfee3; text-align: right; width: 21.0779%; height: 36px;\"><span style=\"font-family: arial, helvetica, sans-serif; font-size: 12pt;\"><strong>26.09.; <em>19.30<\/em><\/strong><\/span><\/td>\n<td style=\"background-color: #edfee3; width: 54.3221%; height: 36px;\"><span style=\"font-family: arial, helvetica, sans-serif; font-size: 12pt;\"><strong>Erweiterte Vorstandssitzung<\/strong><\/span><\/td>\n<td style=\"background-color: #edfee3; width: 29.6151%; height: 36px;\"><span style=\"color: #339966; font-family: arial, helvetica, sans-serif; font-size: 12pt;\">Lehrerzimmer&nbsp; SMTT<\/span><\/td>\n<\/tr>\n<tr style=\"height: 37px;\">\n<td style=\"background-color: #edfee3; text-align: right; width: 21.0779%; height: 37px;\"><span style=\"font-family: arial, helvetica, sans-serif; font-size: 12pt;\"><strong>15.09. &#8211; 19.09.<\/strong><\/span><\/td>\n<td style=\"background-color: #edfee3; width: 54.3221%; height: 37px;\"><span style=\"font-family: arial, helvetica, sans-serif; font-size: 12pt;\"><strong>B\u00fcrgerfahrt nach Dronfield<\/strong><\/span><\/td>\n<td style=\"background-color: #edfee3; width: 29.6151%; height: 37px;\">&nbsp;<\/td>\n<\/tr>\n<tr style=\"height: 37px;\">\n<td style=\"background-color: #edfee3; text-align: right; width: 21.0779%; height: 37px;\"><span style=\"font-family: arial, helvetica, sans-serif; font-size: 12pt;\"><strong>06.08.; <em>16.00<\/em><\/strong><\/span><\/td>\n<td style=\"background-color: #edfee3; width: 54.3221%; height: 37px;\"><span style=\"font-family: arial, helvetica, sans-serif; font-size: 12pt;\"><strong>Wanderung Sch\u00f6nbuch und Weinberg mit Thomas Speer<\/strong><\/span><\/td>\n<td style=\"background-color: #edfee3; width: 29.6151%; height: 37px;\"><span style=\"color: #339966; font-family: arial, helvetica, sans-serif; font-size: 12pt;\">Wanderparkplatz Friedhof Breitenholz<\/span><\/td>\n<\/tr>\n<tr style=\"height: 36px;\">\n<td style=\"background-color: #edfee3; text-align: right; width: 21.0779%; height: 36px;\"><span style=\"font-family: arial, helvetica, sans-serif; font-size: 12pt;\"><strong>29.07.; <em>18.00<\/em><\/strong><\/span><\/td>\n<td style=\"background-color: #edfee3; width: 54.3221%; height: 36px;\"><span style=\"font-family: arial, helvetica, sans-serif; font-size: 12pt;\"><strong>Mitgliederversammlung<\/strong><\/span><\/td>\n<td style=\"background-color: #edfee3; width: 29.6151%; height: 36px;\"><span style=\"color: #339966; font-family: arial, helvetica, sans-serif; font-size: 12pt;\">Galerie<\/span><\/td>\n<\/tr>\n<tr style=\"height: 37px;\">\n<td style=\"background-color: #edfee3; text-align: right; width: 21.0779%; height: 37px;\"><span style=\"font-family: arial, helvetica, sans-serif; font-size: 12pt;\"><strong>11.07.;&nbsp; <em>19.30<\/em><\/strong><\/span><\/td>\n<td style=\"background-color: #edfee3; width: 54.3221%; height: 37px;\"><span style=\"font-family: arial, helvetica, sans-serif; font-size: 12pt;\"><strong>Erweiterte Vorstandssitzung<\/strong><\/span><\/td>\n<td style=\"background-color: #edfee3; width: 29.6151%; height: 37px;\"><span style=\"color: #339966; font-family: arial, helvetica, sans-serif; font-size: 12pt;\">Lehrerzimmer&nbsp; SMTT<\/span><\/td>\n<\/tr>\n<tr style=\"height: 37px;\">\n<td style=\"background-color: #edfee3; text-align: right; width: 21.0779%; height: 37px;\"><span style=\"font-family: arial, helvetica, sans-serif; font-size: 12pt;\"><strong>30.06.-03.07.; <em>7.30<\/em><\/strong><\/span><\/td>\n<td style=\"background-color: #edfee3; width: 54.3221%; height: 37px;\"><span style=\"font-family: arial, helvetica, sans-serif; font-size: 12pt;\"><strong>B\u00fcrgerfahrt nach Torgau<\/strong><\/span><\/td>\n<td style=\"background-color: #edfee3; width: 29.6151%; height: 37px;\"><span style=\"color: #339966; font-family: arial, helvetica, sans-serif; font-size: 12pt;\">Abfahrt Glaspalast<\/span><\/td>\n<\/tr>\n<tr style=\"height: 36px;\">\n<td style=\"background-color: #edfee3; text-align: right; width: 21.0779%; height: 36px;\"><span style=\"font-family: arial, helvetica, sans-serif; font-size: 12pt;\"><strong>17.06.-19.06.<\/strong><\/span><\/td>\n<td style=\"background-color: #edfee3; width: 54.3221%; height: 36px;\"><span style=\"font-family: arial, helvetica, sans-serif; font-size: 12pt;\"><strong>Internationales Stra\u00dfenfest<\/strong><\/span><\/td>\n<td style=\"background-color: #edfee3; width: 29.6151%; height: 36px;\"><span style=\"color: #339966; font-family: arial, helvetica, sans-serif; font-size: 12pt;\">&nbsp;Partnerschaftsstra\u00dfe<\/span><\/td>\n<\/tr>\n<tr style=\"height: 36px;\">\n<td style=\"background-color: #edfee3; text-align: right; width: 21.0779%; height: 36px;\"><span style=\"font-family: arial, helvetica, sans-serif; font-size: 12pt;\"><strong>09.05.; <em>19.30<\/em><\/strong><\/span><\/td>\n<td style=\"background-color: #edfee3; width: 54.3221%; height: 36px;\"><span style=\"font-family: arial, helvetica, sans-serif; font-size: 12pt;\"><strong>Erweiterte Vorstandssitzung<\/strong><\/span><\/td>\n<td style=\"background-color: #edfee3; width: 29.6151%; height: 36px;\"><span style=\"color: #339966; font-family: arial, helvetica, sans-serif; font-size: 12pt;\">Lehrerzimmer SMTT<\/span><\/td>\n<\/tr>\n<tr style=\"height: 58px;\">\n<td style=\"background-color: #edfee3; text-align: right; width: 21.0779%; height: 58px;\"><span style=\"font-family: arial, helvetica, sans-serif; font-size: 12pt;\"><strong>09.05.; <em>18.30<\/em><\/strong><\/span><\/td>\n<td style=\"background-color: #edfee3; width: 54.3221%; height: 58px;\"><span style=\"font-family: arial, helvetica, sans-serif; font-size: 12pt;\"><strong>Fototermin f\u00fcr den erweiterten Vorstand<\/strong><\/span><\/td>\n<td style=\"background-color: #edfee3; width: 29.6151%; height: 58px;\"><span style=\"color: #339966; font-family: arial, helvetica, sans-serif; font-size: 12pt;\">Nordeingang&nbsp; Rathaus Wolboldstra\u00dfe<\/span><\/td>\n<\/tr>\n<tr style=\"height: 36px;\">\n<td style=\"background-color: #edfee3; text-align: right; width: 21.0779%; height: 36px;\"><span style=\"font-family: arial, helvetica, sans-serif; font-size: 12pt;\"><strong>29.03.; <em>19.30<\/em><\/strong><\/span><\/td>\n<td style=\"background-color: #edfee3; width: 54.3221%; height: 36px;\"><span style=\"font-family: arial, helvetica, sans-serif; font-size: 12pt;\"><strong>Erweiterte Vorstandssitzung<\/strong><\/span><\/td>\n<td style=\"background-color: #edfee3; width: 29.6151%; height: 36px;\"><span style=\"color: #339966; font-family: arial, helvetica, sans-serif; font-size: 12pt;\">Lehrerzimmer SMTT<\/span><\/td>\n<\/tr>\n<tr style=\"height: 37px;\">\n<td style=\"background-color: #edfee3; text-align: right; width: 21.0779%; height: 37px;\"><span style=\"font-family: arial, helvetica, sans-serif; font-size: 12pt;\"><strong>08.03.;<em> 18.00<\/em><\/strong><\/span><\/td>\n<td style=\"background-color: #edfee3; width: 54.3221%; height: 37px;\"><span style=\"font-family: arial, helvetica, sans-serif; font-size: 12pt;\"><strong>Solidarit\u00e4tskundgebung f\u00fcr die Ukraine<\/strong><\/span><\/td>\n<td style=\"background-color: #edfee3; width: 29.6151%; height: 37px;\"><span style=\"color: #339966; font-family: arial, helvetica, sans-serif; font-size: 12pt;\">Marktplatz Sindelfingen<\/span><\/td>\n<\/tr>\n<tr style=\"height: 37px;\">\n<td style=\"background-color: #edfee3; text-align: right; width: 21.0779%; height: 37px;\"><span style=\"font-family: arial, helvetica, sans-serif; font-size: 12pt;\"><strong>07.02.;<em> 19.30<\/em><\/strong><\/span><\/td>\n<td style=\"background-color: #edfee3; width: 54.3221%; height: 37px;\"><span style=\"font-family: arial, helvetica, sans-serif; font-size: 12pt;\"><strong>Erweiterte Vorstandssitzung<\/strong><\/span><\/td>\n<td style=\"background-color: #edfee3; width: 29.6151%; height: 37px;\"><span style=\"color: #339966; font-family: arial, helvetica, sans-serif; font-size: 12pt;\">Zoom-Meeting<\/span><\/td>\n<\/tr>\n<tr style=\"height: 40px;\">\n<td style=\"background-color: #ccffae; text-align: center; height: 40px; width: 75.4%;\" colspan=\"2\"><span style=\"font-family: arial, helvetica, sans-serif; font-size: 12pt;\"><strong>2021<\/strong><\/span><\/td>\n<td style=\"background-color: #ccffae; text-align: left; width: 29.6151%; height: 40px;\">&nbsp;<\/td>\n<\/tr>\n<tr style=\"height: 36px;\">\n<td style=\"background-color: #edfee3; text-align: right; width: 21.0779%; height: 36px;\"><span style=\"font-family: arial, helvetica, sans-serif; font-size: 12pt;\"><strong>01.12.; <em>19.30<\/em><\/strong><\/span><\/td>\n<td style=\"background-color: #edfee3; width: 54.3221%; height: 36px;\"><span style=\"font-family: arial, helvetica, sans-serif; font-size: 12pt;\"><strong>Erweiterte Vorstandssitzung<\/strong><\/span><\/td>\n<td style=\"background-color: #edfee3; width: 29.6151%; height: 36px;\"><span style=\"color: #339966; font-family: arial, helvetica, sans-serif; font-size: 12pt;\">Zoom-Meeting<\/span><\/td>\n<\/tr>\n<tr style=\"height: 80px;\">\n<td style=\"background-color: #edfee3; text-align: right; width: 21.0779%; height: 80px;\"><span style=\"font-family: arial, helvetica, sans-serif; font-size: 12pt;\"><strong>Ab 22.11.&nbsp;<\/strong><\/span><\/td>\n<td style=\"background-color: #edfee3; width: 54.3221%; height: 80px;\"><span style=\"font-family: arial, helvetica, sans-serif; font-size: 12pt;\"><strong>sind Corona-bedingt bis auf Weiteres keinerlei gemeinsame Aktivit\u00e4ten m\u00f6glich. Falls Videokonferenzen n\u00f6tig sind, wird es zeitnah bekanntgegeben.<\/strong><\/span><\/td>\n<td style=\"background-color: #edfee3; width: 29.6151%; height: 80px;\">&nbsp;<\/td>\n<\/tr>\n<tr style=\"height: 36px;\">\n<td style=\"background-color: #edfee3; text-align: right; width: 21.0779%; height: 36px;\"><span style=\"font-family: arial, helvetica, sans-serif; font-size: 12pt;\"><strong>20.10.;<em> 19.30<\/em><\/strong><\/span><\/td>\n<td style=\"background-color: #edfee3; width: 54.3221%; height: 36px;\"><span style=\"font-family: arial, helvetica, sans-serif; font-size: 12pt;\"><strong>Erweiterte Vorstandssitzung&nbsp;<\/strong><\/span><\/td>\n<td style=\"background-color: #edfee3; width: 29.6151%; height: 36px;\"><span style=\"color: #339966; font-family: arial, helvetica, sans-serif; font-size: 12pt;\">Ev. Gemeindehaus Darmsheim<\/span><\/td>\n<\/tr>\n<tr style=\"height: 58px;\">\n<td style=\"background-color: #edfee3; text-align: right; width: 21.0779%; height: 58px;\"><span style=\"font-family: arial, helvetica, sans-serif; font-size: 12pt;\"><strong>08.10.;<em> 15.30<\/em><\/strong><\/span><\/td>\n<td style=\"background-color: #edfee3; width: 54.3221%; height: 58px;\"><span style=\"font-family: arial, helvetica, sans-serif; font-size: 12pt;\"><strong>Gemeinsamer Herbstspaziergang&nbsp;<\/strong><\/span><\/td>\n<td style=\"background-color: #edfee3; width: 29.6151%; height: 58px;\"><span style=\"color: #339966; font-family: arial, helvetica, sans-serif; font-size: 12pt;\">Treffpunkt Schranke hinterm Krankenhaus<\/span><\/td>\n<\/tr>\n<tr style=\"height: 36px;\">\n<td style=\"background-color: #edfee3; text-align: right; width: 21.0779%; height: 36px;\"><span style=\"font-family: arial, helvetica, sans-serif; font-size: 12pt;\"><strong>30.07.; <em>18.00<\/em><\/strong><\/span><\/td>\n<td style=\"background-color: #edfee3; width: 54.3221%; height: 36px;\"><span style=\"font-family: arial, helvetica, sans-serif; font-size: 12pt;\"><strong>Mitgliederversammlung unter Corona-Auflagen<\/strong><\/span><\/td>\n<td style=\"background-color: #edfee3; width: 29.6151%; height: 36px;\"><span style=\"color: #339966; font-family: arial, helvetica, sans-serif; font-size: 12pt;\">Oktagon SMTT<\/span><\/td>\n<\/tr>\n<tr style=\"height: 34px;\">\n<td style=\"background-color: #edfee3; text-align: right; width: 21.0779%; height: 34px;\"><span style=\"font-family: arial, helvetica, sans-serif; font-size: 12pt;\"><strong>03.05.; <em>19.30<\/em><\/strong><\/span><\/td>\n<td style=\"background-color: #edfee3; width: 54.3221%; height: 34px;\"><span style=\"font-family: arial, helvetica, sans-serif; font-size: 12pt;\"><strong>Erweiterte Vorstandssitzung<\/strong><\/span><\/td>\n<td style=\"background-color: #edfee3; width: 29.6151%; height: 34px;\">&nbsp;<\/td>\n<\/tr>\n<tr style=\"height: 34px;\">\n<td style=\"background-color: #edfee3; text-align: right; width: 21.0779%; height: 34px;\"><span style=\"font-family: arial, helvetica, sans-serif; font-size: 12pt;\"><strong>12.04.; <em>19.<\/em><\/strong><em><strong>3<\/strong><strong>0<\/strong><\/em><strong><br \/>\n<\/strong><\/span><\/td>\n<td style=\"background-color: #edfee3; width: 54.3221%; height: 34px;\"><span style=\"font-family: arial, helvetica, sans-serif; font-size: 12pt;\"><strong>Erweiterte Vorstandssitzung<\/strong><\/span><\/td>\n<td style=\"background-color: #edfee3; width: 29.6151%; height: 34px;\"><span style=\"color: #339966; font-family: arial, helvetica, sans-serif; font-size: 12pt;\">Virtuell per senfcall<\/span><\/td>\n<\/tr>\n<tr style=\"height: 34px;\">\n<td style=\"background-color: #edfee3; text-align: right; width: 21.0779%; height: 34px;\"><span style=\"color: #000000; font-family: arial, helvetica, sans-serif; font-size: 12pt;\"><strong>01.02.; <em>19.30<\/em><\/strong><\/span><\/td>\n<td style=\"background-color: #edfee3; width: 54.3221%; height: 34px;\"><span style=\"font-family: arial, helvetica, sans-serif; font-size: 12pt;\"><strong>Erweiterte Vorstandssitzung<\/strong><\/span><\/td>\n<td style=\"background-color: #edfee3; width: 29.6151%; height: 34px;\"><span style=\"color: #008000; font-family: arial, helvetica, sans-serif; font-size: 12pt;\">Zoom Meeting<\/span><\/td>\n<\/tr>\n<tr style=\"height: 44px;\">\n<td style=\"background-color: #ccffae; text-align: center; width: 75.4%; height: 44px;\" colspan=\"2\"><span style=\"font-family: arial, helvetica, sans-serif; font-size: 12pt;\"><strong>2020<\/strong><\/span><\/td>\n<td style=\"background-color: #ccffae; text-align: left; width: 29.6151%; height: 44px;\">&nbsp;<\/td>\n<\/tr>\n<tr style=\"height: 78px;\">\n<td style=\"background-color: #edfee3; text-align: right; width: 21.0779%; height: 78px;\"><span style=\"font-family: arial, helvetica, sans-serif; font-size: 12pt;\"><del><strong>14.11.; <em>18.00<\/em><\/strong><\/del><\/span><\/td>\n<td style=\"background-color: #edfee3; width: 54.3221%; height: 78px;\"><span style=\"font-family: arial, helvetica, sans-serif; font-size: 12pt;\"><del><strong>25 Jahre ISPAS e.V. \u2013 Jubil\u00e4umsveranst<\/strong><strong>altung<\/strong><\/del><\/span><\/td>\n<td style=\"background-color: #edfee3; width: 29.6151%; height: 78px;\"><span style=\"color: #000000; font-family: arial, helvetica, sans-serif; font-size: 12pt;\">Musikschule SMTT, Wolboldstra\u00dfe 21, Sindelfingen<\/span><\/td>\n<\/tr>\n<tr style=\"height: 34px;\">\n<td style=\"background-color: #edfee3; text-align: right; width: 21.0779%; height: 34px;\"><span style=\"font-family: arial, helvetica, sans-serif; font-size: 12pt;\"><del><strong>17.09. &#8211; 21.09.<\/strong><\/del><\/span><\/td>\n<td style=\"background-color: #edfee3; width: 54.3221%; height: 34px;\"><span style=\"font-family: arial, helvetica, sans-serif; font-size: 12pt;\"><del><strong>B\u00fcrgerfahrt nach Dronfield<\/strong><\/del><\/span><\/td>\n<td style=\"background-color: #edfee3; width: 29.6151%; height: 34px;\"><span style=\"color: #000000; font-family: arial, helvetica, sans-serif; font-size: 12pt;\"><del>Dronfield und Umgebung<\/del><\/span><\/td>\n<\/tr>\n<tr style=\"height: 34px;\">\n<td style=\"background-color: #edfee3; text-align: right; width: 21.0779%; height: 34px;\"><span style=\"font-family: arial, helvetica, sans-serif; font-size: 12pt;\"><del><strong>19.10., <em>19.30<\/em><\/strong><\/del><\/span><\/td>\n<td style=\"background-color: #edfee3; width: 54.3221%; height: 34px;\"><span style=\"font-family: arial, helvetica, sans-serif; font-size: 12pt;\"><del><strong>Erweiterte Vorstandssitzung<\/strong><\/del><\/span><\/td>\n<td style=\"background-color: #edfee3; width: 29.6151%; height: 34px;\"><span style=\"color: #000000; font-family: arial, helvetica, sans-serif; font-size: 12pt;\">Odeon SMTT<\/span><\/td>\n<\/tr>\n<tr style=\"height: 34px;\">\n<td style=\"background-color: #edfee3; text-align: right; width: 21.0779%; height: 34px;\"><span style=\"font-family: arial, helvetica, sans-serif; font-size: 12pt;\"><del><strong>10.09. &#8211; 17.09.<\/strong><\/del><\/span><\/td>\n<td style=\"background-color: #edfee3; width: 54.3221%; height: 34px;\"><span style=\"font-family: arial, helvetica, sans-serif; font-size: 12pt;\"><del><strong>Wanderreise, Kooperation mit dem IBM Klub<\/strong><\/del><\/span><\/td>\n<td style=\"background-color: #edfee3; width: 29.6151%; height: 34px;\"><span style=\"color: #000000; font-family: arial, helvetica, sans-serif; font-size: 12pt;\"><del>Nationalpark Peak District<\/del><\/span><\/td>\n<\/tr>\n<tr style=\"height: 34px;\">\n<td style=\"background-color: #edfee3; text-align: right; width: 21.0779%; height: 34px;\"><span style=\"font-family: arial, helvetica, sans-serif; font-size: 12pt;\"><strong>10.07.&nbsp; &#8211; 10.08.<\/strong><\/span><\/td>\n<td style=\"background-color: #edfee3; width: 54.3221%; height: 34px;\"><span style=\"font-family: arial, helvetica, sans-serif; font-size: 12pt;\"><strong>Mitgliederversammlung im Umlaufverfahren<\/strong><\/span><\/td>\n<td style=\"background-color: #edfee3; width: 29.6151%; height: 34px;\"><span style=\"color: #000000; font-family: arial, helvetica, sans-serif; font-size: 12pt;\">&nbsp;<\/span><\/td>\n<\/tr>\n<tr style=\"height: 34px;\">\n<td style=\"background-color: #edfee3; text-align: right; width: 21.0779%; height: 34px;\"><span style=\"font-family: arial, helvetica, sans-serif; font-size: 12pt;\"><del><strong>26.03.;&nbsp;<em> 19.00<\/em><\/strong><\/del><\/span><\/td>\n<td style=\"background-color: #edfee3; width: 54.3221%; height: 34px;\"><span style=\"font-family: arial, helvetica, sans-serif; font-size: 12pt;\"><del><strong>Mitgliederversammlung<\/strong><\/del><\/span><\/td>\n<td style=\"background-color: #edfee3; width: 29.6151%; height: 34px;\"><span style=\"color: #000000; font-family: arial, helvetica, sans-serif; font-size: 12pt;\">Musiksc<del>hule &#8211; SMTT<\/del><\/span><\/td>\n<\/tr>\n<tr style=\"height: 56px;\">\n<td style=\"background-color: #edfee3; text-align: right; width: 21.0779%; height: 56px;\"><span style=\"font-family: arial, helvetica, sans-serif; font-size: 12pt;\"><strong>19.02.;&nbsp;<em> 19.00<\/em><\/strong><\/span><\/td>\n<td style=\"background-color: #edfee3; width: 54.3221%; height: 56px;\"><span style=\"font-family: arial, helvetica, sans-serif; font-size: 12pt;\"><strong>Vorstellung der beiden England-Reisen im September<br \/>\n<\/strong><\/span><\/td>\n<td style=\"background-color: #edfee3; width: 29.6151%; height: 56px;\"><span style=\"color: #000000; font-family: arial, helvetica, sans-serif; font-size: 12pt;\">R\u00e4ume der Stadtwerke Sifi&nbsp; Rosenstra\u00dfe 47<\/span><\/td>\n<\/tr>\n<tr style=\"height: 100px;\">\n<td style=\"background-color: #edfee3; text-align: right; width: 21.0779%; height: 100px;\"><span style=\"font-family: arial, helvetica, sans-serif; font-size: 12pt;\"><strong>16.02.; <em>18.00<\/em><br \/>\n<\/strong><strong>17.02.; <em>19.00<\/em><\/strong><\/span><\/td>\n<td style=\"background-color: #edfee3; width: 54.3221%; height: 100px;\"><span style=\"font-family: arial, helvetica, sans-serif; font-size: 12pt;\"><strong>\u00d6ffentliche Auff\u00fchrungen des Projekts &#8222;Jugend in Aktion Erasmus+&#8220;<br \/>\n<\/strong>Titel: Last Exit &#8211; Mein Job, dein Job &#8211; In was f\u00fcr einer Gesellschaft m\u00f6chtest du leben?<\/span><\/td>\n<td style=\"background-color: #edfee3; width: 29.6151%; height: 100px;\"><span style=\"color: #000000; font-family: arial, helvetica, sans-serif; font-size: 12pt;\">Jugendhaus Das S\u00fcd<\/span><\/td>\n<\/tr>\n<tr style=\"height: 226px;\">\n<td style=\"background-color: #edfee3; text-align: right; width: 21.0779%; height: 226px;\"><span style=\"font-family: arial, helvetica, sans-serif; font-size: 12pt;\"><strong>09.02. &#8211; 18.02.<\/strong><\/span><\/td>\n<td style=\"background-color: #edfee3; width: 54.3221%; height: 226px;\"><span style=\"font-family: arial, helvetica, sans-serif; font-size: 12pt;\"><strong>Projekt Jugend in Aktion Erasmus+ <\/strong><\/span><\/p>\n<p><span style=\"font-family: arial, helvetica, sans-serif; font-size: 12pt;\"><strong>Europ\u00e4ische&nbsp;Jugendbegegnung 2020 unter Anleitung der Theaterp\u00e4dagoginnen und Regisseurinnen Anke Marx und Annette von der M\u00fclbe mit Jugendlichen aus Sindelfingen und den&nbsp; Partnerst\u00e4dten<\/strong><\/span><\/p>\n<p><span style=\"font-family: arial, helvetica, sans-serif; font-size: 12pt;\"><strong>Titel: Last Exit &#8211; Mein Job, dein Job &#8211; In was f\u00fcr einer Gesellschaft m\u00f6chtest du leben?<\/strong><\/span><\/td>\n<td style=\"background-color: #edfee3; width: 29.6151%; height: 226px;\"><span style=\"color: #008000; font-family: arial, helvetica, sans-serif; font-size: 12pt;\">Sindelfingen<\/span><\/td>\n<\/tr>\n<tr style=\"height: 34px;\">\n<td style=\"background-color: #edfee3; text-align: right; width: 21.0779%; height: 34px;\"><span style=\"font-family: arial, helvetica, sans-serif; font-size: 12pt;\"><strong>23.01. &#8211; 26.01.<\/strong><\/span><\/td>\n<td style=\"background-color: #edfee3; width: 54.3221%; height: 34px;\"><span style=\"font-family: arial, helvetica, sans-serif; font-size: 12pt;\"><strong>Erasmus+ Jugend in Aktion&nbsp; &#8211; Vorbereitungstreffen<\/strong><\/span><\/td>\n<td style=\"background-color: #edfee3; width: 29.6151%; height: 34px;\"><span style=\"color: #008000; font-family: arial, helvetica, sans-serif; font-size: 12pt;\">Sindelfingen Rathaus<\/span><\/td>\n<\/tr>\n<tr style=\"height: 34px;\">\n<td style=\"background-color: #edfee3; text-align: right; width: 21.0779%; height: 34px;\"><span style=\"font-family: arial, helvetica, sans-serif; font-size: 12pt;\"><strong>09.01., <em>19.30<\/em><br \/>\n<\/strong><\/span><\/td>\n<td style=\"background-color: #edfee3; width: 54.3221%; height: 34px;\"><span style=\"font-family: arial, helvetica, sans-serif; font-size: 12pt;\"><strong>Erweiterte Vorstandssitzung<br \/>\n<\/strong><\/span><\/td>\n<td style=\"background-color: #edfee3; width: 29.6151%; height: 34px;\"><span style=\"color: #008000; font-family: arial, helvetica, sans-serif; font-size: 12pt;\">Lehrerzimmer SMTT<\/span><\/td>\n<\/tr>\n<tr style=\"height: 34px;\">\n<td style=\"background-color: #edfee3; text-align: right; width: 21.0779%; height: 34px;\"><span style=\"font-family: arial, helvetica, sans-serif; font-size: 12pt;\"><strong>&nbsp;<\/strong><\/span><\/td>\n<td style=\"background-color: #edfee3; width: 54.3221%; height: 34px;\"><span style=\"font-family: arial, helvetica, sans-serif; font-size: 12pt;\"><strong>&nbsp;<\/strong><\/span><\/td>\n<td style=\"background-color: #edfee3; width: 29.6151%; height: 34px;\"><span style=\"color: #008000; font-family: arial, helvetica, sans-serif; font-size: 12pt;\">&nbsp;<\/span><\/td>\n<\/tr>\n<tr style=\"background-color: #008000; height: 37px;\">\n<td style=\"background-color: #ccffae; text-align: center; height: 37px; width: 75.4%;\" colspan=\"2\"><span style=\"font-family: arial, helvetica, sans-serif; font-size: 12pt;\"><strong>2019<\/strong><\/span><\/td>\n<td style=\"background-color: #ccffae; text-align: left; height: 37px; width: 29.6151%;\">&nbsp;<\/td>\n<\/tr>\n<tr style=\"height: 34px;\">\n<td style=\"background-color: #edfee3; text-align: right; width: 21.0779%; height: 34px;\"><span style=\"font-family: arial, helvetica, sans-serif; font-size: 12pt;\"><strong>28.11., <em>19.30<\/em><\/strong><\/span><\/td>\n<td style=\"background-color: #edfee3; width: 54.3221%; height: 34px;\"><span style=\"font-family: arial, helvetica, sans-serif; font-size: 12pt;\"><strong>Erweiterte Vorstandssitzung<\/strong><\/span><\/td>\n<td style=\"background-color: #edfee3; width: 29.6151%; height: 34px;\"><span style=\"color: #008000; font-family: arial, helvetica, sans-serif; font-size: 12pt;\">Lehrerzimmer SMTT<\/span><\/td>\n<\/tr>\n<tr style=\"height: 36px;\">\n<td style=\"background-color: #edfee3; text-align: right; width: 21.0779%; height: 36px;\"><span style=\"font-family: arial, helvetica, sans-serif; font-size: 12pt;\"><strong>20.11., <em>18.00<\/em><br \/>\n<\/strong><\/span><\/td>\n<td style=\"background-color: #edfee3; width: 54.3221%; height: 36px;\"><span style=\"font-family: arial, helvetica, sans-serif; font-size: 12pt;\"><strong>Neub\u00fcrgerempfang der Stadt<br \/>\n<\/strong><\/span><\/td>\n<td style=\"background-color: #edfee3; width: 29.6151%; height: 36px;\"><span style=\"color: #008000; font-family: arial, helvetica, sans-serif; font-size: 12pt;\">Stadthalle<\/span><\/td>\n<\/tr>\n<tr style=\"height: 34px;\">\n<td style=\"background-color: #edfee3; text-align: right; width: 21.0779%; height: 34px;\"><span style=\"font-family: arial, helvetica, sans-serif; font-size: 12pt;\"><strong>28.10., <em>19.00<\/em><br \/>\n<\/strong><\/span><\/td>\n<td style=\"background-color: #edfee3; width: 54.3221%; height: 34px;\"><span style=\"font-family: arial, helvetica, sans-serif; font-size: 12pt;\"><strong>Erweiterte Vorstandssitzung<br \/>\n<\/strong><\/span><\/td>\n<td style=\"background-color: #edfee3; width: 29.6151%; height: 34px;\"><span style=\"color: #008000; font-family: arial, helvetica, sans-serif; font-size: 12pt;\">Lehrerzimmer SMTT<\/span><\/td>\n<\/tr>\n<tr style=\"height: 34px;\">\n<td style=\"background-color: #edfee3; text-align: right; width: 21.0779%; height: 34px;\"><span style=\"font-family: arial, helvetica, sans-serif; font-size: 12pt;\"><strong>15.11.-17.11.<\/strong><\/span><\/td>\n<td style=\"background-color: #edfee3; width: 54.3221%; height: 34px;\"><span style=\"font-family: arial, helvetica, sans-serif; font-size: 12pt;\"><strong>Buchsalon in Gy\u00f6r<\/strong><\/span><\/td>\n<td style=\"background-color: #edfee3; width: 29.6151%; height: 34px;\"><span style=\"color: #008000; font-family: arial, helvetica, sans-serif; font-size: 12pt;\">&nbsp;<\/span><\/td>\n<\/tr>\n<tr style=\"height: 34px;\">\n<td style=\"background-color: #edfee3; text-align: right; width: 21.0779%; height: 34px;\"><span style=\"font-family: arial, helvetica, sans-serif; font-size: 12pt;\"><strong>30.10, <em>19.30<\/em><br \/>\n<\/strong><\/span><\/td>\n<td style=\"background-color: #edfee3; width: 54.3221%; height: 34px;\"><span style=\"font-family: arial, helvetica, sans-serif; font-size: 12pt;\"><strong>Erweiterte Vorstandssitzung<\/strong><\/span><\/td>\n<td style=\"background-color: #edfee3; width: 29.6151%; height: 34px;\"><span style=\"color: #008000; font-family: arial, helvetica, sans-serif; font-size: 12pt;\">Lehrerzimmer SMTT<\/span><\/td>\n<\/tr>\n<tr style=\"height: 36px;\">\n<td style=\"background-color: #edfee3; text-align: right; width: 21.0779%; height: 36px;\"><span style=\"font-family: arial, helvetica, sans-serif; font-size: 12pt;\"><strong>03.07., <em>19:30<\/em><br \/>\n<\/strong><\/span><\/td>\n<td style=\"background-color: #edfee3; width: 54.3221%; height: 36px;\"><span style=\"font-family: arial, helvetica, sans-serif; font-size: 12pt;\"><strong>Erweiterte Vorstandssitzung<br \/>\n<\/strong><\/span><\/td>\n<td style=\"background-color: #edfee3; width: 29.6151%; height: 36px;\"><span style=\"color: #008000; font-family: arial, helvetica, sans-serif; font-size: 12pt;\">Lehrerzimmer SMTT<br \/>\n<\/span><\/td>\n<\/tr>\n<tr style=\"height: 36px;\">\n<td style=\"background-color: #edfee3; text-align: right; width: 21.0779%; height: 36px;\"><span style=\"font-family: arial, helvetica, sans-serif; font-size: 12pt;\"><strong>14.06. &#8211; 16.06.<br \/>\n<\/strong><\/span><\/td>\n<td style=\"background-color: #edfee3; width: 54.3221%; height: 36px;\"><span style=\"font-family: arial, helvetica, sans-serif; font-size: 12pt;\"><strong>Internationales Stra\u00dfenfest Sindelfingen<br \/>\n<\/strong><\/span><\/td>\n<td style=\"background-color: #edfee3; width: 29.6151%; height: 36px;\"><span style=\"color: #008000; font-family: arial, helvetica, sans-serif; font-size: 12pt;\">&nbsp;Sindelfingen Innenstadt<br \/>\n<\/span><\/td>\n<\/tr>\n<tr style=\"height: 36px;\">\n<td style=\"background-color: #edfee3; text-align: right; width: 21.0779%; height: 36px;\"><span style=\"font-family: arial, helvetica, sans-serif; font-size: 12pt;\"><strong>13.06., <em>18:00<\/em><br \/>\n<\/strong><\/span><\/td>\n<td style=\"background-color: #edfee3; width: 54.3221%; height: 36px;\"><span style=\"font-family: arial, helvetica, sans-serif; font-size: 12pt;\"><strong>Partnerschaftsabend Stra\u00dfenfest<br \/>\n<\/strong><\/span><\/td>\n<td style=\"background-color: #edfee3; width: 29.6151%; height: 36px;\"><span style=\"color: #008000; font-family: arial, helvetica, sans-serif; font-size: 12pt;\">&nbsp;B\u00fcrgerhaus Maichingen<br \/>\n<\/span><\/td>\n<\/tr>\n<tr style=\"height: 36px;\">\n<td style=\"background-color: #edfee3; text-align: right; width: 21.0779%; height: 36px;\"><span style=\"font-family: arial, helvetica, sans-serif; font-size: 12pt;\"><strong>16.05. &#8211; 20.05.<br \/>\n<\/strong><\/span><\/td>\n<td style=\"background-color: #edfee3; width: 54.3221%; height: 36px;\"><span style=\"font-family: arial, helvetica, sans-serif; font-size: 12pt;\"><strong>B\u00fcrgerfahrt nach Schaffhausen<br \/>\n<\/strong><\/span><\/td>\n<td style=\"background-color: #edfee3; width: 29.6151%; height: 36px;\"><span style=\"color: #008000; font-family: arial, helvetica, sans-serif; font-size: 12pt;\">Start Glaspalast<br \/>\n<\/span><\/td>\n<\/tr>\n<tr style=\"height: 36px;\">\n<td style=\"background-color: #edfee3; text-align: right; width: 21.0779%; height: 36px;\"><span style=\"font-family: arial, helvetica, sans-serif; font-size: 12pt;\"><strong>04.04.<\/strong>, <strong><em>19:00<\/em><br \/>\n<\/strong><\/span><\/td>\n<td style=\"background-color: #edfee3; width: 54.3221%; height: 36px;\"><span style=\"font-family: arial, helvetica, sans-serif; font-size: 12pt;\"><strong>Hans Bollinger liest aus seinem Buch \u00fcber Polen<br \/>\n<\/strong><\/span><\/td>\n<td style=\"background-color: #edfee3; width: 29.6151%; height: 36px;\"><span style=\"color: #008000; font-family: arial, helvetica, sans-serif; font-size: 12pt;\">Oberlichtsaal<br \/>\n<\/span><\/td>\n<\/tr>\n<tr style=\"height: 36px;\">\n<td style=\"background-color: #edfee3; text-align: right; width: 21.0779%; height: 36px;\"><span style=\"font-family: arial, helvetica, sans-serif; font-size: 12pt;\"><strong>29.03., <em>19:00<\/em><br \/>\n<\/strong><\/span><\/td>\n<td style=\"background-color: #edfee3; width: 54.3221%; height: 36px;\"><span style=\"font-family: arial, helvetica, sans-serif; font-size: 12pt;\"><strong>Jahreshauptversammlung<br \/>\n<\/strong><\/span><\/td>\n<td style=\"background-color: #edfee3; width: 29.6151%; height: 36px;\"><span style=\"color: #008000; font-family: arial, helvetica, sans-serif; font-size: 12pt;\">Musikschule &#8211; SMTT<br \/>\n<\/span><\/td>\n<\/tr>\n<tr style=\"height: 36px;\">\n<td style=\"background-color: #edfee3; text-align: right; width: 21.0779%; height: 36px;\"><span style=\"font-family: arial, helvetica, sans-serif; font-size: 12pt;\"><strong>21.02., <em>19:30<\/em><br \/>\n<\/strong><\/span><\/td>\n<td style=\"background-color: #edfee3; width: 54.3221%; height: 36px;\"><span style=\"font-family: arial, helvetica, sans-serif; font-size: 12pt;\"><strong>Erweiterte Vorstandssitzung<br \/>\n<\/strong><\/span><\/td>\n<td style=\"background-color: #edfee3; width: 29.6151%; height: 36px;\"><span style=\"color: #008000; font-family: arial, helvetica, sans-serif; font-size: 12pt;\">Lehrerzimmer SMTT<br \/>\n<\/span><\/td>\n<\/tr>\n<tr style=\"background-color: #008000; height: 36px;\">\n<td style=\"background-color: #edfee3; text-align: right; height: 36px; width: 21.0779%;\"><span style=\"font-family: arial, helvetica, sans-serif; font-size: 12pt;\"><strong>17.01., 19<em>:30<\/em><\/strong><\/span><\/td>\n<td style=\"background-color: #edfee3; height: 36px; width: 54.3221%;\"><span style=\"font-family: arial, helvetica, sans-serif; font-size: 12pt;\"><strong>Erweiterte Vorstandssitzung<\/strong><\/span><\/td>\n<td style=\"background-color: #edfee3; height: 36px; width: 29.6151%;\"><span style=\"color: #008000; font-family: arial, helvetica, sans-serif; font-size: 12pt;\">Lehrerzimmer SMTT<\/span><\/td>\n<\/tr>\n<tr style=\"background-color: #008000; height: 37px;\">\n<td style=\"background-color: #ccffae; text-align: center; height: 37px; width: 75.4%;\" colspan=\"2\"><span style=\"font-family: arial, helvetica, sans-serif; font-size: 12pt;\"><strong>2018<\/strong><\/span><\/td>\n<td style=\"background-color: #ccffae; text-align: left; height: 37px; width: 29.6151%;\">&nbsp;<\/td>\n<\/tr>\n<\/thead>\n<tbody>\n<tr style=\"background-color: #008000; height: 36px;\">\n<td style=\"background-color: #edfee3; text-align: right; height: 36px; width: 21.0779%;\"><span style=\"font-family: arial, helvetica, sans-serif; font-size: 12pt;\"><strong>17.11.,<em> 18:15<\/em><\/strong><\/span><\/td>\n<td style=\"background-color: #edfee3; height: 36px; width: 54.3221%;\"><span style=\"font-family: arial, helvetica, sans-serif; font-size: 12pt;\"><strong>Deutsch-Ital. Freundschaftskonzert<\/strong><\/span><\/td>\n<td style=\"background-color: #edfee3; height: 36px; width: 29.6151%;\"><span style=\"font-family: arial, helvetica, sans-serif; font-size: 12pt;\"><a href=\"http:\/\/www.smtt.de\/\" target=\"_blank\" rel=\"noopener noreferrer\">Musikschule \u2013 SMTT<\/a><\/span><\/td>\n<\/tr>\n<tr style=\"background-color: #008000; height: 36px;\">\n<td style=\"background-color: #edfee3; text-align: right; height: 36px; width: 21.0779%;\"><span style=\"font-family: arial, helvetica, sans-serif; font-size: 12pt;\"><strong>15.11.,<em> 17.30<\/em><\/strong><\/span><\/td>\n<td style=\"background-color: #edfee3; height: 36px; width: 54.3221%;\"><span style=\"font-family: arial, helvetica, sans-serif; font-size: 12pt;\"><strong>Neub\u00fcrgertreffen der Stadt, ISPAS nimmt teil<\/strong><\/span><\/td>\n<td style=\"background-color: #edfee3; height: 36px; width: 29.6151%;\"><span style=\"font-family: arial, helvetica, sans-serif; font-size: 12pt;\">Stadthalle<\/span><\/td>\n<\/tr>\n<tr style=\"background-color: #008000; height: 36px;\">\n<td style=\"background-color: #edfee3; text-align: right; height: 36px; width: 21.0779%;\"><span style=\"font-family: arial, helvetica, sans-serif; font-size: 12pt;\"><strong>09.11.<em>,17:00<\/em><\/strong><\/span><\/td>\n<td style=\"background-color: #edfee3; height: 36px; width: 54.3221%;\"><span style=\"font-family: arial, helvetica, sans-serif; font-size: 12pt;\"><strong>Ausstellung: &#8222;#Material 4.0 F\u00fchrung&#8220;, mit F\u00fchrung<\/strong><\/span><\/td>\n<td style=\"background-color: #edfee3; height: 36px; width: 29.6151%;\"><span style=\"font-family: arial, helvetica, sans-serif; font-size: 12pt;\">Galerie<\/span><\/td>\n<\/tr>\n<tr style=\"background-color: #008000; height: 36px;\">\n<td style=\"background-color: #edfee3; text-align: right; height: 36px; width: 21.0779%;\"><span style=\"font-family: arial, helvetica, sans-serif; font-size: 12pt;\"><strong>08.11.<em>, 19.30<\/em><\/strong><\/span><\/td>\n<td style=\"background-color: #edfee3; height: 36px; width: 54.3221%;\"><span style=\"font-family: arial, helvetica, sans-serif; font-size: 12pt;\"><strong>Erweiterte Vorstandssitzung<\/strong><\/span><\/td>\n<td style=\"background-color: #edfee3; height: 36px; width: 29.6151%;\"><span style=\"font-family: arial, helvetica, sans-serif; font-size: 12pt;\"><a href=\"http:\/\/www.smtt.de\/\" target=\"_blank\" rel=\"noopener noreferrer\">Musikschule \u2013 SMTT<\/a><\/span><\/td>\n<\/tr>\n<tr style=\"background-color: #008000; height: 36px;\">\n<td style=\"background-color: #edfee3; text-align: right; height: 36px; width: 21.0779%;\"><span style=\"font-family: arial, helvetica, sans-serif; font-size: 12pt;\"><strong>20.10.<em>, 19:00<\/em><\/strong><\/span><\/td>\n<td style=\"background-color: #edfee3; height: 36px; width: 54.3221%;\"><span style=\"font-family: arial, helvetica, sans-serif; font-size: 12pt;\"><strong>Nachlese Corbeil-Essonnes-Fahrt im Vereinsheim<\/strong><\/span><\/td>\n<td style=\"background-color: #edfee3; height: 36px; width: 29.6151%;\"><span style=\"font-family: arial, helvetica, sans-serif; font-size: 12pt;\">Ochsenallmende<\/span><\/td>\n<\/tr>\n<tr style=\"background-color: #008000; height: 36px;\">\n<td style=\"background-color: #edfee3; text-align: right; height: 36px; width: 21.0779%;\"><span style=\"font-family: arial, helvetica, sans-serif; font-size: 12pt;\"><strong>20.-24.09.<\/strong><\/span><\/td>\n<td style=\"background-color: #edfee3; height: 36px; width: 54.3221%;\"><span style=\"font-family: arial, helvetica, sans-serif; font-size: 12pt;\"><strong>Gegenbesuch aus Dronfield<\/strong><\/span><\/td>\n<td style=\"background-color: #edfee3; height: 36px; width: 29.6151%;\"><span style=\"font-family: arial, helvetica, sans-serif; font-size: 12pt;\">s. Programm<\/span><\/td>\n<\/tr>\n<tr style=\"background-color: #008000; height: 36px;\">\n<td style=\"background-color: #edfee3; text-align: right; height: 36px; width: 21.0779%;\"><span style=\"font-family: arial, helvetica, sans-serif; font-size: 12pt;\"><strong>23.09., 19:00<\/strong><\/span><\/td>\n<td style=\"background-color: #edfee3; height: 36px; width: 54.3221%;\"><span style=\"font-family: arial, helvetica, sans-serif; font-size: 12pt;\"><strong>Gegenbesuch aus Dronfield, ISPAS-Abend<\/strong><\/span><\/td>\n<td style=\"background-color: #edfee3; height: 36px; width: 29.6151%;\"><span style=\"font-family: arial, helvetica, sans-serif; font-size: 12pt;\"><a href=\"http:\/\/www.smtt.de\/\" target=\"_blank\" rel=\"noopener noreferrer\">Musikschule \u2013 SMTT<\/a><\/span><\/td>\n<\/tr>\n<tr style=\"background-color: #008000; height: 36px;\">\n<td style=\"background-color: #edfee3; text-align: right; height: 36px; width: 21.0779%;\"><span style=\"font-family: arial, helvetica, sans-serif; font-size: 12pt;\"><strong>19.09., <em>19:30<\/em><\/strong><\/span><\/td>\n<td style=\"background-color: #edfee3; height: 36px; width: 54.3221%;\"><span style=\"font-family: arial, helvetica, sans-serif; font-size: 12pt;\"><strong>Erweiterte Vorstandssitzung<\/strong><\/span><\/td>\n<td style=\"background-color: #edfee3; height: 36px; width: 29.6151%;\"><span style=\"font-family: arial, helvetica, sans-serif; font-size: 12pt;\"><a href=\"http:\/\/www.smtt.de\/\" target=\"_blank\" rel=\"noopener noreferrer\">Musikschule \u2013 SMTT<\/a><\/span><\/td>\n<\/tr>\n<tr style=\"background-color: #008000; height: 36px;\">\n<td style=\"background-color: #edfee3; text-align: right; height: 36px; width: 21.0779%;\"><span style=\"font-family: arial, helvetica, sans-serif; font-size: 12pt;\"><strong>19.07., <em>19:30<\/em><\/strong><\/span><\/td>\n<td style=\"background-color: #edfee3; height: 36px; width: 54.3221%;\"><span style=\"font-family: arial, helvetica, sans-serif; font-size: 12pt;\"><strong>Dankesch\u00f6nfest im Eichholzer T\u00e4le<\/strong><\/span><\/td>\n<td style=\"background-color: #edfee3; height: 36px; width: 29.6151%;\"><span style=\"color: #339966; font-family: arial, helvetica, sans-serif; font-size: 12pt;\">Eichholzer T\u00e4le<\/span><\/td>\n<\/tr>\n<tr style=\"background-color: #008000; height: 36px;\">\n<td style=\"background-color: #edfee3; text-align: right; height: 36px; width: 21.0779%;\"><span style=\"font-family: arial, helvetica, sans-serif; font-size: 12pt;\"><strong>12.07., <em>19:30<\/em><\/strong><\/span><\/td>\n<td style=\"background-color: #edfee3; height: 36px; width: 54.3221%;\"><span style=\"font-family: arial, helvetica, sans-serif; font-size: 12pt;\"><strong>Erweiterte Vorstandssitzung<\/strong><\/span><\/td>\n<td style=\"background-color: #edfee3; height: 36px; width: 29.6151%;\"><span style=\"font-family: arial, helvetica, sans-serif; font-size: 12pt;\"><a href=\"http:\/\/www.smtt.de\/\" target=\"_blank\" rel=\"noopener noreferrer\">Musikschule \u2013 SMTT<\/a><\/span><\/td>\n<\/tr>\n<tr style=\"background-color: #008000; height: 36px;\">\n<td style=\"background-color: #edfee3; text-align: right; height: 36px; width: 21.0779%;\"><span style=\"font-family: arial, helvetica, sans-serif; font-size: 12pt;\"><strong>28.06.-02.07.<\/strong><\/span><\/td>\n<td style=\"background-color: #edfee3; height: 36px; width: 54.3221%;\"><span style=\"font-family: arial, helvetica, sans-serif; font-size: 12pt;\"><strong>B\u00fcrgerfahrt nach <\/strong><a href=\"http:\/\/www.corbeil-essonnes.com\/\"><span style=\"color: #000000;\"><strong>Corbeil-Essonnes<\/strong><\/span><\/a><\/span><\/td>\n<td style=\"background-color: #edfee3; height: 36px; width: 29.6151%;\"><span style=\"font-family: arial, helvetica, sans-serif; font-size: 12pt;\"><a href=\"http:\/\/www.corbeil-essonnes.com\/\">Corbeil-Essonnes<\/a><\/span><\/td>\n<\/tr>\n<tr style=\"background-color: #008000; height: 36px;\">\n<td style=\"background-color: #edfee3; text-align: right; height: 36px; width: 21.0779%;\"><span style=\"font-family: arial, helvetica, sans-serif; font-size: 12pt;\"><strong>02.03., <em>19:00<\/em><\/strong><\/span><\/td>\n<td style=\"background-color: #edfee3; height: 36px; width: 54.3221%;\"><span style=\"font-family: arial, helvetica, sans-serif; font-size: 12pt;\"><strong>22. Jahreshauptversammlung<\/strong><\/span><\/td>\n<td style=\"background-color: #edfee3; height: 36px; width: 29.6151%;\"><span style=\"font-family: arial, helvetica, sans-serif; font-size: 12pt;\"><a href=\"http:\/\/www.smtt.de\/\" target=\"_blank\" rel=\"noopener noreferrer\">Musikschule \u2013 SMTT<\/a><\/span><\/td>\n<\/tr>\n<tr style=\"background-color: #008000; height: 36px;\">\n<td style=\"background-color: #edfee3; text-align: right; height: 36px; width: 21.0779%;\"><span style=\"font-family: arial, helvetica, sans-serif; font-size: 12pt;\"><strong><del>15.02., <em>19:30<\/em><\/del><\/strong><\/span><\/td>\n<td style=\"background-color: #edfee3; height: 36px; width: 54.3221%;\"><span style=\"font-family: arial, helvetica, sans-serif; font-size: 12pt;\"><strong><del>Erweiterte Vorstandssitzung<\/del> (entf\u00e4llt)<\/strong><\/span><\/td>\n<td style=\"background-color: #edfee3; height: 36px; width: 29.6151%;\"><span style=\"font-family: arial, helvetica, sans-serif; font-size: 12pt;\"><a href=\"http:\/\/www.smtt.de\/\" target=\"_blank\" rel=\"noopener noreferrer\">Musikschule \u2013 SMTT<\/a><\/span><\/td>\n<\/tr>\n<tr style=\"background-color: #008000; height: 36px;\">\n<td style=\"background-color: #edfee3; text-align: right; height: 36px; width: 21.0779%;\"><span style=\"font-family: arial, helvetica, sans-serif; font-size: 12pt;\"><strong>08.01., <em>19:30<\/em><\/strong><\/span><\/td>\n<td style=\"background-color: #edfee3; height: 36px; width: 54.3221%;\"><span style=\"font-family: arial, helvetica, sans-serif; font-size: 12pt;\"><strong>Erweiterte Vorstandssitzung<\/strong><\/span><\/td>\n<td style=\"background-color: #edfee3; height: 36px; width: 29.6151%;\"><span style=\"font-family: arial, helvetica, sans-serif; font-size: 12pt;\"><a href=\"http:\/\/www.smtt.de\/\" target=\"_blank\" rel=\"noopener noreferrer\">Musikschule \u2013 SMTT<\/a><\/span><\/td>\n<\/tr>\n<tr style=\"background-color: #008000; height: 36px;\">\n<td style=\"background-color: #ccffae; text-align: center; height: 36px; width: 75.4%;\" colspan=\"2\"><span style=\"font-family: arial, helvetica, sans-serif; font-size: 12pt;\"><strong>2017<\/strong><\/span><\/td>\n<td style=\"background-color: #ccffae; text-align: left; height: 36px; width: 29.6151%;\">&nbsp;<\/td>\n<\/tr>\n<tr style=\"background-color: #008000; height: 36px;\">\n<td style=\"background-color: #edfee3; text-align: right; height: 36px; width: 21.0779%;\"><span style=\"font-family: arial, helvetica, sans-serif; font-size: 12pt;\"><strong>08.12. &#8211; 10.12.<\/strong><\/span><\/td>\n<td style=\"background-color: #edfee3; height: 36px; width: 54.3221%;\"><span style=\"font-family: arial, helvetica, sans-serif; font-size: 12pt;\"><strong>Sindelfinger Weihnachtsmarkt<\/strong> &#8211; Mit einem Torgauer Stand<\/span><\/td>\n<td style=\"background-color: #edfee3; height: 36px; width: 29.6151%;\"><span style=\"font-family: arial, helvetica, sans-serif; font-size: 12pt;\">Sindelfingen<\/span><\/td>\n<\/tr>\n<tr style=\"background-color: #008000; height: 36px;\">\n<td style=\"background-color: #edfee3; text-align: right; height: 36px; width: 21.0779%;\"><span style=\"font-family: arial, helvetica, sans-serif; font-size: 12pt;\"><del>04.12., <em>19:30<\/em><\/del><\/span><\/td>\n<td style=\"background-color: #edfee3; height: 36px; width: 54.3221%;\"><span style=\"font-family: arial, helvetica, sans-serif; font-size: 12pt;\"><del>Erweiterte Vorstandssitzung<\/del> (entf\u00e4llt)<\/span><\/td>\n<td style=\"background-color: #edfee3; height: 36px; width: 29.6151%;\"><span style=\"font-family: arial, helvetica, sans-serif; font-size: 12pt;\"><a href=\"http:\/\/www.smtt.de\/\" target=\"_blank\" rel=\"noopener noreferrer\">Musikschule \u2013 SMTT<\/a><\/span><\/td>\n<\/tr>\n<tr style=\"background-color: #008000; height: 36px;\">\n<td style=\"background-color: #edfee3; text-align: right; height: 36px; width: 21.0779%;\"><span style=\"font-family: arial, helvetica, sans-serif; font-size: 12pt;\"><strong>19.11., <em>19:00<\/em><\/strong><\/span><\/td>\n<td style=\"background-color: #edfee3; height: 36px; width: 54.3221%;\"><span style=\"font-family: arial, helvetica, sans-serif; font-size: 12pt;\"><strong>Erasmus+ Jugend in Aktion 2017<\/strong><\/span><br \/>\n<span style=\"font-family: arial, helvetica, sans-serif; font-size: 12pt;\">\u201eZur\u00fcck in die Zukunft \u2013 Back to the future\u201c \u2013 Wie sieht dein Land in 20 Jahren aus?<\/span><br \/>\n<span style=\"font-family: arial, helvetica, sans-serif; font-size: 12pt;\">EU-Projekt Erasmus+<\/span><br \/>\n<span style=\"font-family: arial, helvetica, sans-serif; font-size: 12pt;\">\u00d6ffentliche Auff\u00fchrung<strong><br \/>\n<\/strong><\/span><\/td>\n<td style=\"background-color: #edfee3; height: 36px; width: 29.6151%;\"><span style=\"font-family: arial, helvetica, sans-serif; font-size: 12pt;\">Jugendhaus DAS S\u00fcd, Schwertstra\u00dfe<\/span><\/td>\n<\/tr>\n<tr style=\"background-color: #008000; height: 36px;\">\n<td style=\"background-color: #edfee3; text-align: right; height: 36px; width: 21.0779%;\"><span style=\"font-family: arial, helvetica, sans-serif; font-size: 12pt;\"><strong>19.11., <em>11:00<\/em><\/strong><\/span><\/td>\n<td style=\"background-color: #edfee3; height: 36px; width: 54.3221%;\"><span style=\"font-family: arial, helvetica, sans-serif; font-size: 12pt;\"><strong>Gedenkstunde zum Volkstrauertag. Alter Friedhof, Vaihinger Stra\u00dfe<br \/>\n<\/strong><\/span><\/td>\n<td style=\"background-color: #edfee3; height: 36px; width: 29.6151%;\"><span style=\"font-family: arial, helvetica, sans-serif; font-size: 12pt;\">Alter Friedhof, Vaihinger Stra\u00dfe, Sindelfingen<\/span><\/td>\n<\/tr>\n<tr style=\"background-color: #008000; height: 36px;\">\n<td style=\"background-color: #edfee3; text-align: right; height: 36px; width: 21.0779%;\"><span style=\"font-family: arial, helvetica, sans-serif; font-size: 12pt;\"><strong>18.11., <em>19:00<\/em><\/strong><\/span><\/td>\n<td style=\"background-color: #edfee3; height: 36px; width: 54.3221%;\"><span style=\"font-family: arial, helvetica, sans-serif; font-size: 12pt;\"><strong>Erasmus+ Jugend in Aktion 2017<\/strong><\/span><br \/>\n<span style=\"font-family: arial, helvetica, sans-serif; font-size: 12pt;\">\u201eZur\u00fcck in die Zukunft \u2013 Back to the future\u201c \u2013 Wie sieht dein Land in 20 Jahren aus?<\/span><br \/>\n<span style=\"font-family: arial, helvetica, sans-serif; font-size: 12pt;\">EU-Projekt Erasmus+<\/span><br \/>\n<span style=\"font-family: arial, helvetica, sans-serif; font-size: 12pt;\">\u00d6ffentliche Auff\u00fchrung<\/span><\/td>\n<td style=\"background-color: #edfee3; height: 36px; width: 29.6151%;\"><span style=\"font-family: arial, helvetica, sans-serif; font-size: 12pt;\">Jugendhaus DAS S\u00fcd, Schwertstra\u00dfe<\/span><\/td>\n<\/tr>\n<tr style=\"background-color: #008000; height: 36px;\">\n<td style=\"background-color: #edfee3; text-align: right; height: 36px; width: 21.0779%;\"><span style=\"font-family: arial, helvetica, sans-serif; font-size: 12pt;\"><strong>10.11. &#8211; 21.11.<\/strong><\/span><\/td>\n<td style=\"background-color: #edfee3; height: 36px; width: 54.3221%;\"><span style=\"font-family: arial, helvetica, sans-serif; font-size: 12pt;\">&nbsp;<strong>Erasmus+ Jugend in Aktion 2017<\/strong><\/span><br \/>\n<span style=\"font-family: arial, helvetica, sans-serif; font-size: 12pt;\">\u201eZur\u00fcck in die Zukunft \u2013 Back to the future\u201c &#8211; Wie sieht dein Land in 20 Jahren aus? Europ\u00e4ischen Jugendbegegnung 2017 unter Anleitung der Theaterp\u00e4dagoginnen und Regisseurinnen Anke Marx und Annette von der M\u00fclbe mit Jugendlichen aus Sindelfingen und den&nbsp; Partnerst\u00e4dten<\/span><\/td>\n<td style=\"background-color: #edfee3; height: 36px; width: 29.6151%;\"><span style=\"font-family: arial, helvetica, sans-serif; font-size: 12pt;\"><a href=\"http:\/\/www.ispas-ev.de\/?cat=30\">Sindelfingen<\/a><\/span><\/td>\n<\/tr>\n<tr style=\"background-color: #008000; height: 36px;\">\n<td style=\"background-color: #edfee3; text-align: right; height: 36px; width: 21.0779%;\"><span style=\"font-family: arial, helvetica, sans-serif; font-size: 12pt;\"><del>13.11., <em>19:30<\/em><\/del><\/span><\/td>\n<td style=\"background-color: #edfee3; height: 36px; width: 54.3221%;\"><span style=\"font-family: arial, helvetica, sans-serif; font-size: 12pt;\"><del>Erweiterte Vorstandssitzung<\/del> (entf\u00e4llt)<\/span><\/td>\n<td style=\"background-color: #edfee3; height: 36px; width: 29.6151%;\"><span style=\"font-family: arial, helvetica, sans-serif; font-size: 12pt;\"><a href=\"http:\/\/www.smtt.de\/\" target=\"_blank\" rel=\"noopener noreferrer\">Musikschule \u2013 SMTT<\/a><\/span><\/td>\n<\/tr>\n<tr style=\"background-color: #008000; height: 36px;\">\n<td style=\"background-color: #edfee3; text-align: right; height: 36px; width: 21.0779%;\"><span style=\"font-family: arial, helvetica, sans-serif; font-size: 12pt;\">23.10., <em>19:30<\/em><\/span><\/td>\n<td style=\"background-color: #edfee3; height: 36px; width: 54.3221%;\"><span style=\"font-family: arial, helvetica, sans-serif; font-size: 12pt;\">Erweiterte Vorstandssitzung<\/span><\/td>\n<td style=\"background-color: #edfee3; height: 36px; width: 29.6151%;\"><span style=\"font-family: arial, helvetica, sans-serif; font-size: 12pt;\"><a href=\"http:\/\/www.smtt.de\/\" target=\"_blank\" rel=\"noopener noreferrer\">Musikschule \u2013 SMTT<\/a><\/span><\/td>\n<\/tr>\n<tr style=\"background-color: #008000; height: 36px;\">\n<td style=\"background-color: #edfee3; text-align: right; height: 36px; width: 21.0779%;\"><span style=\"font-family: arial, helvetica, sans-serif; font-size: 12pt;\"><strong>17.-20.10.<\/strong><\/span><\/td>\n<td style=\"background-color: #edfee3; height: 36px; width: 54.3221%;\"><span style=\"font-family: arial, helvetica, sans-serif; font-size: 12pt;\"><strong>Schreib-Performance-Werkstatt unter Anleitung der Theaterp\u00e4dagoginnen und Regisseurinnen Anke Marx und Annette von der M\u00fclbe. Innerhalb der Literaturtage Baden-W\u00fcrttemberg<\/strong><\/span><\/td>\n<td style=\"background-color: #edfee3; height: 36px; width: 29.6151%;\">&nbsp;<\/td>\n<\/tr>\n<tr style=\"background-color: #008000; height: 36px;\">\n<td style=\"background-color: #edfee3; text-align: right; height: 36px; width: 21.0779%;\"><span style=\"font-family: arial, helvetica, sans-serif; font-size: 12pt;\"><strong>28.09.-03.10<\/strong>.<\/span><\/td>\n<td style=\"background-color: #edfee3; height: 36px; width: 54.3221%;\"><span style=\"font-family: arial, helvetica, sans-serif; font-size: 12pt;\"><strong>B\u00fcrgerfahrt nach <a href=\"http:\/\/www.comune.sondrio.it\/\" target=\"_blank\" rel=\"noopener noreferrer\">Sondrio<\/a><\/strong><\/span><\/td>\n<td style=\"background-color: #edfee3; height: 36px; width: 29.6151%;\"><span style=\"font-family: arial, helvetica, sans-serif; font-size: 12pt;\"><a href=\"http:\/\/www.ispas-ev.de\/?cat=24\" target=\"_blank\" rel=\"noopener noreferrer\">Sondrio<\/a><\/span><\/td>\n<\/tr>\n<tr style=\"background-color: #008000; height: 36px;\">\n<td style=\"background-color: #edfee3; text-align: right; height: 36px; width: 21.0779%;\"><span style=\"font-family: arial, helvetica, sans-serif; font-size: 12pt;\"><strong>21.-24.09.<\/strong><\/span><\/td>\n<td style=\"background-color: #edfee3; height: 36px; width: 54.3221%;\"><span style=\"font-family: arial, helvetica, sans-serif; font-size: 12pt;\"><strong>Vorbereitungstreffen Erasmus+ Jugend in Aktion 2017<\/strong><\/span><\/td>\n<td style=\"background-color: #edfee3; height: 36px; width: 29.6151%;\"><span style=\"font-family: arial, helvetica, sans-serif; font-size: 12pt;\"><a href=\"http:\/\/www.ispas-ev.de\/?cat=30\">Sindelfingen<\/a><\/span><\/td>\n<\/tr>\n<tr style=\"background-color: #008000; height: 36px;\">\n<td style=\"background-color: #edfee3; text-align: right; height: 36px; width: 21.0779%;\"><span style=\"font-family: arial, helvetica, sans-serif; font-size: 12pt;\">18.09., <em>19:30<\/em><\/span><\/td>\n<td style=\"background-color: #edfee3; height: 36px; width: 54.3221%;\"><span style=\"font-family: arial, helvetica, sans-serif; font-size: 12pt;\">Erweiterte Vorstandssitzung<\/span><\/td>\n<td style=\"background-color: #edfee3; height: 36px; width: 29.6151%;\"><span style=\"font-family: arial, helvetica, sans-serif; font-size: 12pt;\"><a href=\"http:\/\/www.smtt.de\/\" target=\"_blank\" rel=\"noopener noreferrer\">Musikschule \u2013 SMTT<\/a><\/span><\/td>\n<\/tr>\n<tr style=\"background-color: #008000; height: 36px;\">\n<td style=\"background-color: #edfee3; text-align: right; height: 36px; width: 21.0779%;\"><span style=\"font-family: arial, helvetica, sans-serif; font-size: 12pt;\">03.07., <em>19:30<\/em><\/span><\/td>\n<td style=\"background-color: #edfee3; height: 36px; width: 54.3221%;\"><span style=\"font-family: arial, helvetica, sans-serif; font-size: 12pt;\">Erweiterte Vorstandssitzung<\/span><\/td>\n<td style=\"background-color: #edfee3; height: 36px; width: 29.6151%;\"><span style=\"font-family: arial, helvetica, sans-serif; font-size: 12pt;\"><a href=\"http:\/\/www.smtt.de\/\" target=\"_blank\" rel=\"noopener noreferrer\">Musikschule \u2013 SMTT<\/a><\/span><\/td>\n<\/tr>\n<tr style=\"background-color: #008000; height: 36px;\">\n<td style=\"background-color: #edfee3; text-align: right; height: 36px; width: 21.0779%;\"><span style=\"font-family: arial, helvetica, sans-serif; font-size: 12pt;\"><strong>29.06.-02.07.<\/strong><\/span><\/td>\n<td style=\"background-color: #edfee3; height: 36px; width: 54.3221%;\"><span style=\"font-family: arial, helvetica, sans-serif; font-size: 12pt;\"><strong>B\u00fcrgerfahrt nach <a href=\"http:\/\/www.torgau.eu\/\" target=\"_blank\" rel=\"noopener noreferrer\">Torgau<\/a><\/strong><\/span><\/td>\n<td style=\"background-color: #edfee3; height: 36px; width: 29.6151%;\"><span style=\"font-family: arial, helvetica, sans-serif; font-size: 12pt;\"><a href=\"http:\/\/www.ispas-ev.de\/?cat=21\" target=\"_blank\" rel=\"noopener noreferrer\">Torgau<\/a><\/span><\/td>\n<\/tr>\n<tr style=\"background-color: #008000; height: 36px;\">\n<td style=\"background-color: #edfee3; text-align: right; height: 36px; width: 21.0779%;\"><span style=\"font-family: arial, helvetica, sans-serif; font-size: 12pt;\"><strong>16.-18.06.<\/strong><\/span><\/td>\n<td style=\"background-color: #edfee3; height: 36px; width: 54.3221%;\"><span style=\"font-family: arial, helvetica, sans-serif; font-size: 12pt;\"><a href=\"http:\/\/www.isf-sifi.de\" target=\"_blank\" rel=\"noopener noreferrer\"><strong>41. Internationales Stra\u00dfenfest Sindelfingen<\/strong><\/a><\/span><\/td>\n<td style=\"background-color: #edfee3; height: 36px; width: 29.6151%;\"><span style=\"font-family: arial, helvetica, sans-serif; font-size: 12pt;\"><a href=\"http:\/\/www.ispas-ev.de\/?cat=30\" target=\"_blank\" rel=\"noopener noreferrer\">Sindelfingen<\/a><\/span><\/td>\n<\/tr>\n<tr style=\"background-color: #008000; height: 36px;\">\n<td style=\"background-color: #edfee3; text-align: right; height: 36px; width: 21.0779%;\"><span style=\"font-family: arial, helvetica, sans-serif; font-size: 12pt;\"><strong>15.06.<\/strong><\/span><\/td>\n<td style=\"background-color: #edfee3; height: 36px; width: 54.3221%;\"><span style=\"font-family: arial, helvetica, sans-serif; font-size: 12pt;\"><strong>Partnerschaftsabend im <a href=\"http:\/\/www.maichingen.de\/,Lde\/start\/Buergerhaus+Maichingen.html\" target=\"_blank\" rel=\"noopener noreferrer\">B\u00fcrgerhaus<\/a> <a href=\"http:\/\/www.maichingen.de\/,Lde\/start.html\" target=\"_blank\" rel=\"noopener noreferrer\">Maichingen<\/a><\/strong><\/span><\/td>\n<td style=\"background-color: #edfee3; height: 36px; width: 29.6151%;\"><span style=\"font-family: arial, helvetica, sans-serif; font-size: 12pt;\">Sindelfingen &#8211; Maichingen<\/span><\/td>\n<\/tr>\n<tr style=\"background-color: #008000; height: 36.1px;\">\n<td style=\"background-color: #edfee3; text-align: right; height: 36px; width: 21.0779%;\"><span style=\"font-family: arial, helvetica, sans-serif; font-size: 12pt;\">22.05., <em>19:30<\/em><\/span><\/td>\n<td style=\"background-color: #edfee3; height: 36px; width: 54.3221%;\"><span style=\"font-family: arial, helvetica, sans-serif; font-size: 12pt;\">Erweiterte Vorstandssitzung<\/span><\/td>\n<td style=\"background-color: #edfee3; height: 36px; width: 29.6151%;\"><span style=\"font-family: arial, helvetica, sans-serif; font-size: 12pt;\"><a href=\"http:\/\/www.smtt.de\/\" target=\"_blank\" rel=\"noopener noreferrer\">Musikschule \u2013 SMTT<\/a><\/span><\/td>\n<\/tr>\n<tr style=\"background-color: #008000; height: 36px;\">\n<td style=\"background-color: #edfee3; text-align: right; height: 36px; width: 21.0779%;\"><span style=\"font-family: arial, helvetica, sans-serif; font-size: 12pt;\"><strong>27.04., <em>19:00<\/em><\/strong><\/span><\/td>\n<td style=\"background-color: #edfee3; height: 36px; width: 54.3221%;\"><span style=\"font-family: arial, helvetica, sans-serif; font-size: 12pt;\"><strong>Helferfest im Eichholzer T\u00e4le<\/strong> <a href=\"https:\/\/www.google.de\/maps\/place\/Eichholzer+T%C3%A4le+Sindelfingen\/@48.725491,8.997256,15z\/data=!4m12!1m6!3m5!1s0x0:0x813c0a99ffd21f1!2sEichholzer+T%C3%A4le+Sindelfingen!8m2!3d48.725491!4d8.997256!3m4!1s0x0:0x813c0a99ffd21f1!8m2!3d48.725491!4d8.997256\" target=\"_blank\" rel=\"noopener noreferrer\">(Google Maps)<\/a><\/span><\/td>\n<td style=\"background-color: #edfee3; height: 36px; width: 29.6151%;\"><span style=\"font-family: arial, helvetica, sans-serif; font-size: 12pt;\">Eichholzer T\u00e4le<\/span><\/td>\n<\/tr>\n<tr style=\"background-color: #008000; height: 36px;\">\n<td style=\"background-color: #edfee3; text-align: right; height: 36px; width: 21.0779%;\"><span style=\"font-family: arial, helvetica, sans-serif; font-size: 12pt;\">24.04., <em>19:00<\/em><\/span><\/td>\n<td style=\"background-color: #edfee3; height: 36px; width: 54.3221%;\"><span style=\"font-family: arial, helvetica, sans-serif; font-size: 12pt;\">Erweiterte Vorstandssitzung<\/span><\/td>\n<td style=\"background-color: #edfee3; height: 36px; width: 29.6151%;\"><span style=\"font-family: arial, helvetica, sans-serif; font-size: 12pt;\"><a href=\"http:\/\/www.smtt.de\/\" target=\"_blank\" rel=\"noopener noreferrer\">Musikschule \u2013 SMTT<\/a><\/span><\/td>\n<\/tr>\n<tr style=\"background-color: #008000; height: 36px;\">\n<td style=\"background-color: #edfee3; text-align: right; height: 36px; width: 21.0779%;\"><span style=\"font-family: arial, helvetica, sans-serif; font-size: 12pt;\">06.02., <em>19:00<\/em><\/span><\/td>\n<td style=\"background-color: #edfee3; height: 36px; width: 54.3221%;\"><span style=\"font-family: arial, helvetica, sans-serif; font-size: 12pt;\">Erweiterte Vorstandssitzung<\/span><\/td>\n<td style=\"background-color: #edfee3; height: 36px; width: 29.6151%;\"><span style=\"font-family: arial, helvetica, sans-serif; font-size: 12pt;\"><a href=\"http:\/\/www.smtt.de\/\" target=\"_blank\" rel=\"noopener noreferrer\">Musikschule \u2013 SMTT<\/a><\/span><\/td>\n<\/tr>\n<tr style=\"background-color: #008000; height: 36px;\">\n<td style=\"background-color: #edfee3; text-align: right; height: 36px; width: 21.0779%;\"><span style=\"font-family: arial, helvetica, sans-serif; font-size: 12pt;\">20.01., <em>19:30<\/em><\/span><\/td>\n<td style=\"background-color: #edfee3; height: 36px; width: 54.3221%;\"><span style=\"font-family: arial, helvetica, sans-serif; font-size: 12pt;\"><strong>21. Jahreshauptversammlung<\/strong><\/span><\/td>\n<td style=\"background-color: #edfee3; height: 36px; width: 29.6151%;\"><span style=\"font-family: arial, helvetica, sans-serif; font-size: 12pt;\"><a href=\"http:\/\/www.smtt.de\/\" target=\"_blank\" rel=\"noopener noreferrer\">Musikschule \u2013 SMTT<\/a><\/span><\/td>\n<\/tr>\n<tr style=\"background-color: #008000; height: 36px;\">\n<td style=\"background-color: #edfee3; text-align: right; height: 36px; width: 21.0779%;\"><span style=\"font-family: arial, helvetica, sans-serif; font-size: 12pt;\">09.01., <em>19:30<\/em><\/span><\/td>\n<td style=\"background-color: #edfee3; height: 36px; width: 54.3221%;\"><span style=\"font-family: arial, helvetica, sans-serif; font-size: 12pt;\">Erweiterte Vorstandssitzung<\/span><\/td>\n<td style=\"background-color: #edfee3; height: 36px; width: 29.6151%;\"><span style=\"font-family: arial, helvetica, sans-serif; font-size: 12pt;\"><a href=\"http:\/\/www.smtt.de\/\" target=\"_blank\" rel=\"noopener noreferrer\">Musikschule \u2013 SMTT<\/a><\/span><\/td>\n<\/tr>\n<tr style=\"background-color: #008000; height: 36px;\">\n<td style=\"background-color: #ccffae; text-align: center; height: 36px; width: 75.4%;\" colspan=\"2\"><span style=\"font-family: arial, helvetica, sans-serif; font-size: 12pt;\"><strong>2016<\/strong><\/span><\/td>\n<td style=\"background-color: #ccffae; text-align: left; height: 36px; width: 29.6151%;\">&nbsp;<\/td>\n<\/tr>\n<tr style=\"background-color: #008000; height: 36px;\">\n<td style=\"background-color: #edfee3; text-align: right; height: 36px; width: 21.0779%;\"><span style=\"font-family: arial, helvetica, sans-serif; font-size: 12pt;\">21.11., <em>19:30<\/em><\/span><\/td>\n<td style=\"background-color: #edfee3; height: 36px; width: 54.3221%;\"><span style=\"font-family: arial, helvetica, sans-serif; font-size: 12pt;\">Erweiterte Vorstandssitzung<\/span><\/td>\n<td style=\"background-color: #edfee3; height: 36px; width: 29.6151%;\"><span style=\"font-family: arial, helvetica, sans-serif; font-size: 12pt;\"><a href=\"http:\/\/www.smtt.de\/\" target=\"_blank\" rel=\"noopener noreferrer\">Musikschule \u2013 SMTT<\/a><\/span><\/td>\n<\/tr>\n<tr style=\"background-color: #008000; height: 36px;\">\n<td style=\"background-color: #edfee3; text-align: right; height: 36px; width: 21.0779%;\"><span style=\"font-family: arial, helvetica, sans-serif; font-size: 12pt;\"><strong>15.09.-19.09.<\/strong><\/span><\/td>\n<td style=\"background-color: #edfee3; height: 36px; width: 54.3221%;\"><span style=\"font-family: arial, helvetica, sans-serif; font-size: 12pt;\"><strong>B\u00fcrgerfahrt nach Dronfield<\/strong><\/span><\/td>\n<td style=\"background-color: #edfee3; height: 36px; width: 29.6151%;\"><span style=\"font-family: arial, helvetica, sans-serif; font-size: 12pt;\">Dronfield in GB<\/span><\/td>\n<\/tr>\n<tr style=\"background-color: #008000; height: 36px;\">\n<td style=\"background-color: #edfee3; text-align: right; height: 36px; width: 21.0779%;\"><span style=\"font-family: arial, helvetica, sans-serif; font-size: 12pt;\"><strong>7.-12.07.<\/strong><\/span><\/td>\n<td style=\"background-color: #edfee3; height: 36px; width: 54.3221%;\"><span style=\"font-family: arial, helvetica, sans-serif; font-size: 12pt;\"><strong>B\u00fcrgerfaht nach Chelm<\/strong><\/span><\/td>\n<td style=\"background-color: #edfee3; height: 36px; width: 29.6151%;\"><span style=\"font-family: arial, helvetica, sans-serif; font-size: 12pt;\">Chelm in Polen<\/span><\/td>\n<\/tr>\n<tr style=\"background-color: #008000; height: 36px;\">\n<td style=\"background-color: #edfee3; text-align: right; height: 36px; width: 21.0779%;\"><span style=\"font-family: arial, helvetica, sans-serif; font-size: 12pt;\"><strong>17.-19.06.<\/strong><\/span><\/td>\n<td style=\"background-color: #edfee3; height: 36px; width: 54.3221%;\"><span style=\"font-family: arial, helvetica, sans-serif; font-size: 12pt;\"><strong>40. Internationales Stra\u00dfenfest Sindelfingen<\/strong><\/span><\/td>\n<td style=\"background-color: #edfee3; height: 36px; width: 29.6151%;\"><span style=\"font-family: arial, helvetica, sans-serif; font-size: 12pt;\">Sindelfingen<\/span><\/td>\n<\/tr>\n<tr style=\"background-color: #008000; height: 36px;\">\n<td style=\"background-color: #edfee3; text-align: right; height: 36px; width: 21.0779%;\"><span style=\"font-family: arial, helvetica, sans-serif; font-size: 12pt;\"><strong>16.06.<\/strong><\/span><\/td>\n<td style=\"background-color: #edfee3; height: 36px; width: 54.3221%;\"><span style=\"font-family: arial, helvetica, sans-serif; font-size: 12pt;\"><strong>Partnerschaftsabend im B\u00fcrgerhaus Maichingen<\/strong><\/span><\/td>\n<td style=\"background-color: #edfee3; height: 36px; width: 29.6151%;\"><span style=\"font-family: arial, helvetica, sans-serif; font-size: 12pt;\">Sindelfingen &#8211; Maichingen<\/span><\/td>\n<\/tr>\n<tr style=\"background-color: #008000; height: 36px;\">\n<td style=\"background-color: #edfee3; text-align: right; height: 36px; width: 21.0779%;\"><span style=\"font-family: arial, helvetica, sans-serif; font-size: 12pt;\"><strong>22.3.<\/strong><\/span><\/td>\n<td style=\"background-color: #edfee3; height: 36px; width: 54.3221%;\"><span style=\"font-family: arial, helvetica, sans-serif; font-size: 12pt;\"><strong>ISPAS-Ausflug nach Stra\u00dfburg<\/strong><\/span><\/td>\n<td style=\"background-color: #edfee3; height: 36px; width: 29.6151%;\"><span style=\"font-family: arial, helvetica, sans-serif; font-size: 12pt;\">Stra\u00dfburg<\/span><\/td>\n<\/tr>\n<tr style=\"background-color: #008000; height: 58px;\">\n<td style=\"background-color: #edfee3; text-align: right; height: 58px; width: 21.0779%;\"><span style=\"font-family: arial, helvetica, sans-serif; font-size: 12pt;\">19.2.<\/span><\/td>\n<td style=\"background-color: #edfee3; height: 58px; width: 54.3221%;\"><span style=\"font-family: arial, helvetica, sans-serif; font-size: 12pt;\"><strong>Jahreshauptversammlung<\/strong><\/span><\/td>\n<td style=\"background-color: #edfee3; height: 58px; width: 29.6151%;\"><span style=\"font-family: arial, helvetica, sans-serif; font-size: 12pt;\">Galerie der Stadt Sindelfingen<\/span><\/td>\n<\/tr>\n<tr style=\"background-color: #008000; height: 36px;\">\n<td style=\"background-color: #ccffae; text-align: center; height: 36px; width: 75.4%;\" colspan=\"2\"><span style=\"font-family: arial, helvetica, sans-serif; font-size: 12pt;\"><strong>2015<\/strong><\/span><\/td>\n<td style=\"background-color: #ccffae; text-align: left; height: 36px; width: 29.6151%;\">&nbsp;<\/td>\n<\/tr>\n<tr style=\"background-color: #008000; height: 58px;\">\n<td style=\"background-color: #edfee3; text-align: right; height: 58px; width: 21.0779%;\"><strong><span style=\"font-family: arial, helvetica, sans-serif; font-size: 12pt;\">14.11. <em>19:00<\/em><\/span><\/strong><\/td>\n<td style=\"background-color: #edfee3; height: 58px; width: 54.3221%;\"><strong><span style=\"font-family: arial, helvetica, sans-serif; font-size: 12pt;\">20. Geburtstag unseres Vereins<\/span><\/strong><\/td>\n<td style=\"background-color: #edfee3; height: 58px; width: 29.6151%;\"><span style=\"font-family: arial, helvetica, sans-serif; font-size: 12pt;\">Musikschule SMTT, Woboldstra\u00dfe 21<\/span><\/td>\n<\/tr>\n<tr style=\"background-color: #008000; height: 36px;\">\n<td style=\"background-color: #edfee3; text-align: right; height: 36px; width: 21.0779%;\"><strong><span style=\"font-family: arial, helvetica, sans-serif; font-size: 12pt;\">13.11. &#8211; 15.11<\/span><\/strong><\/td>\n<td style=\"background-color: #edfee3; height: 36px; width: 54.3221%;\"><strong><span style=\"font-family: arial, helvetica, sans-serif; font-size: 12pt;\">B\u00fcrgerbegegnung mit Partnerschaftsabend<\/span><\/strong><\/td>\n<td style=\"background-color: #edfee3; height: 36px; width: 29.6151%;\"><span style=\"font-family: arial, helvetica, sans-serif; font-size: 12pt;\">Sindelfingen<\/span><\/td>\n<\/tr>\n<tr style=\"background-color: #008000; height: 58px;\">\n<td style=\"background-color: #edfee3; text-align: right; height: 58px; width: 21.0779%;\"><strong><span style=\"font-family: arial, helvetica, sans-serif; font-size: 12pt;\">1.11. &#8211; 10.11.<\/span><\/strong><\/td>\n<td style=\"background-color: #edfee3; height: 58px; width: 54.3221%;\"><strong><span style=\"font-family: arial, helvetica, sans-serif; font-size: 12pt;\">Erasmusprojekt (Jugend in Aktion)<\/span><\/strong><br \/>\n<strong><span style=\"font-family: arial, helvetica, sans-serif; font-size: 12pt;\">&#8222;<a href=\"http:\/\/www.ispas-ev.de\/?p=3158\">Der gro\u00dfe Blackout &#8211; Was ist, wenn alles anders wird<\/a>&#8222;<\/span><\/strong><\/td>\n<td style=\"background-color: #edfee3; height: 58px; width: 29.6151%;\"><span style=\"font-family: arial, helvetica, sans-serif; font-size: 12pt;\">Sindelfingen<\/span><\/td>\n<\/tr>\n<tr style=\"background-color: #008000; height: 36px;\">\n<td style=\"background-color: #edfee3; text-align: right; height: 36px; width: 21.0779%;\"><strong><span style=\"font-family: arial, helvetica, sans-serif; font-size: 12pt;\">15.10.-27.11.<\/span><\/strong><\/td>\n<td style=\"background-color: #edfee3; height: 36px; width: 54.3221%;\"><strong><span style=\"font-family: arial, helvetica, sans-serif; font-size: 12pt;\">Ausstellung zum <a href=\"http:\/\/www.ispas-ev.de\/?p=3084\">Ersten Weltkrieg<\/a><\/span><\/strong><\/td>\n<td style=\"background-color: #edfee3; height: 36px; width: 29.6151%;\"><span style=\"font-family: arial, helvetica, sans-serif; font-size: 12pt;\">Sindelfingen<\/span><\/td>\n<\/tr>\n<tr style=\"background-color: #008000; height: 36px;\">\n<td style=\"background-color: #edfee3; text-align: right; height: 36px; width: 21.0779%;\"><strong><span style=\"font-family: arial, helvetica, sans-serif; font-size: 12pt;\">27.6.<\/span><\/strong><\/td>\n<td style=\"background-color: #edfee3; height: 36px; width: 54.3221%;\"><strong><span style=\"font-family: arial, helvetica, sans-serif; font-size: 12pt;\"><a href=\"http:\/\/www.ispas-ev.de\/wp-content\/uploads\/2011\/07\/Schaffusia.pdf\">Schaffusia<\/a><\/span><\/strong><\/td>\n<td style=\"background-color: #edfee3; height: 36px; width: 29.6151%;\"><span style=\"font-family: arial, helvetica, sans-serif; font-size: 12pt;\">Schaffhausen<\/span><\/td>\n<\/tr>\n<tr style=\"background-color: #008000; height: 36px;\">\n<td style=\"background-color: #edfee3; text-align: right; height: 36px; width: 21.0779%;\"><strong><span style=\"font-family: arial, helvetica, sans-serif; font-size: 12pt;\">19.-21.6.<\/span><\/strong><\/td>\n<td style=\"background-color: #edfee3; height: 36px; width: 54.3221%;\"><strong><span style=\"font-family: arial, helvetica, sans-serif; font-size: 12pt;\">39. internationales Strassenfest<\/span><\/strong><\/td>\n<td style=\"background-color: #edfee3; height: 36px; width: 29.6151%;\"><span style=\"font-family: arial, helvetica, sans-serif; font-size: 12pt;\">Sindelfingen<\/span><\/td>\n<\/tr>\n<tr style=\"background-color: #008000; height: 58px;\">\n<td style=\"background-color: #edfee3; text-align: right; height: 58px; width: 21.0779%;\"><strong><span style=\"font-family: arial, helvetica, sans-serif; font-size: 12pt;\">13.2.<\/span><\/strong><\/td>\n<td style=\"background-color: #edfee3; height: 58px; width: 54.3221%;\"><span style=\"font-family: arial, helvetica, sans-serif; font-size: 12pt;\"><strong>Jahreshauptversammlung<\/strong><\/span><\/td>\n<td style=\"background-color: #edfee3; height: 58px; width: 29.6151%;\"><span style=\"font-family: arial, helvetica, sans-serif; font-size: 12pt;\">Galerie der Stadt Sindelfingen<\/span><\/td>\n<\/tr>\n<tr style=\"background-color: #008000; height: 36px;\">\n<td style=\"background-color: #ccffae; text-align: center; height: 36px; width: 75.4%;\" colspan=\"2\"><span style=\"font-family: arial, helvetica, sans-serif; font-size: 12pt;\"><strong>2014<\/strong> <\/span><\/td>\n<td style=\"background-color: #ccffae; text-align: left; height: 36px; width: 29.6151%;\">&nbsp;<\/td>\n<\/tr>\n<tr style=\"background-color: #008000; height: 36px;\">\n<td style=\"background-color: #edfee3; text-align: right; height: 36px; width: 21.0779%;\"><strong><span style=\"font-family: arial, helvetica, sans-serif; font-size: 12pt;\">19. &#8211; 23.9.<\/span><\/strong><\/td>\n<td style=\"background-color: #edfee3; height: 36px; width: 54.3221%;\"><strong><span style=\"font-family: arial, helvetica, sans-serif; font-size: 12pt;\">Gegenbesuch<em> B\u00fcrgerfahrt <\/em>aus Dronfield<\/span><\/strong><\/td>\n<td style=\"background-color: #edfee3; height: 36px; width: 29.6151%;\"><span style=\"font-family: arial, helvetica, sans-serif; font-size: 12pt;\">Sindelfingen<\/span><\/td>\n<\/tr>\n<tr style=\"background-color: #008000; height: 36px;\">\n<td style=\"background-color: #edfee3; text-align: right; height: 36px; width: 21.0779%;\"><strong><span style=\"font-family: arial, helvetica, sans-serif; font-size: 12pt;\">9.-14.9.<\/span><\/strong><\/td>\n<td style=\"background-color: #edfee3; height: 36px; width: 54.3221%;\"><strong><span style=\"font-family: arial, helvetica, sans-serif; font-size: 12pt;\"><a href=\"http:\/\/ispas.wavecdn.net\/wp-content\/uploads\/2014\/06\/2014-B%C3%BCrgerfahrt-Gy%C3%B6r-Programm-und-Anmeldung-g%C3%BCltige-Version-1.pdf\"><em>25 Jahre St\u00e4dtepartnerschaft mit Gy\u0151r- B\u00fcrgerfahrt<\/em><\/a><\/span><\/strong><\/td>\n<td style=\"background-color: #edfee3; height: 36px; width: 29.6151%;\"><span style=\"font-family: arial, helvetica, sans-serif; font-size: 12pt;\">Gy\u0151r<\/span><\/td>\n<\/tr>\n<tr style=\"background-color: #008000; height: 36px;\">\n<td style=\"background-color: #edfee3; text-align: right; height: 36px; width: 21.0779%;\"><strong><span style=\"font-family: arial, helvetica, sans-serif; font-size: 12pt;\">24. &#8211; 27.7.<\/span><\/strong><\/td>\n<td style=\"background-color: #edfee3; height: 36px; width: 54.3221%;\"><strong><span style=\"font-family: arial, helvetica, sans-serif; font-size: 12pt;\"><em><a href=\"http:\/\/www.ispas-ev.de\/wp-content\/uploads\/2011\/07\/140301ISPASGyoer2014.pdf\">Besuch in&nbsp;Gy\u0151r: 25 Jahre Partnerschaftsvertrag<\/a> <\/em><\/span><\/strong><\/td>\n<td style=\"background-color: #edfee3; height: 36px; width: 29.6151%;\"><span style=\"font-family: arial, helvetica, sans-serif; font-size: 12pt;\">Gy\u0151r<\/span><\/td>\n<\/tr>\n<tr style=\"background-color: #008000; height: 36px;\">\n<td style=\"background-color: #edfee3; text-align: right; height: 36px; width: 21.0779%;\"><strong><span style=\"font-family: arial, helvetica, sans-serif; font-size: 12pt;\">20. &#8211; 22.7<\/span><\/strong><\/td>\n<td style=\"background-color: #edfee3; height: 36px; width: 54.3221%;\"><strong><span style=\"font-family: arial, helvetica, sans-serif; font-size: 12pt;\"><a href=\"http:\/\/www.ispas-ev.de\/wp-content\/uploads\/2014\/06\/2014-Handzettel-2.pdf\">38. Internationales Stra\u00dfenfest<\/a><\/span><\/strong><\/td>\n<td style=\"background-color: #edfee3; height: 36px; width: 29.6151%;\"><span style=\"font-family: arial, helvetica, sans-serif; font-size: 12pt;\">Sindelfingen<\/span><\/td>\n<\/tr>\n<tr style=\"background-color: #008000; height: 36px;\">\n<td style=\"background-color: #edfee3; text-align: right; height: 36px; width: 21.0779%;\"><strong><span style=\"font-family: arial, helvetica, sans-serif; font-size: 12pt;\">19.6. <em>18:00<\/em><\/span><\/strong><\/td>\n<td style=\"background-color: #edfee3; height: 36px; width: 54.3221%;\"><strong><span style=\"font-family: arial, helvetica, sans-serif; font-size: 12pt;\">Partnerschaftsabend<\/span><\/strong><\/td>\n<td style=\"background-color: #edfee3; height: 36px; width: 29.6151%;\"><span style=\"font-family: arial, helvetica, sans-serif; font-size: 12pt;\">B\u00fcrgerhaus Maichingen<\/span><\/td>\n<\/tr>\n<tr style=\"background-color: #008000; height: 36px;\">\n<td style=\"background-color: #edfee3; text-align: right; height: 36px; width: 21.0779%;\"><strong><span style=\"font-family: arial, helvetica, sans-serif; font-size: 12pt;\">8.5. &#8211; 12.5.<\/span><\/strong><\/td>\n<td style=\"background-color: #edfee3; height: 36px; width: 54.3221%;\"><strong><span style=\"font-family: arial, helvetica, sans-serif; font-size: 12pt;\"><em>B\u00fcrgerfahrt <\/em>nach Dronfield<\/span><\/strong><\/td>\n<td style=\"background-color: #edfee3; height: 36px; width: 29.6151%;\"><span style=\"font-family: arial, helvetica, sans-serif; font-size: 12pt;\">Dronfield<\/span><\/td>\n<\/tr>\n<tr style=\"background-color: #008000; height: 58px;\">\n<td style=\"background-color: #edfee3; text-align: right; height: 58px; width: 21.0779%;\"><strong><span style=\"font-family: arial, helvetica, sans-serif; font-size: 12pt;\">21.2.<\/span><\/strong><\/td>\n<td style=\"background-color: #edfee3; height: 58px; width: 54.3221%;\"><strong><span style=\"font-family: arial, helvetica, sans-serif; font-size: 12pt;\">Jahreshauptversammlung<\/span><\/strong><\/td>\n<td style=\"background-color: #edfee3; height: 58px; width: 29.6151%;\"><span style=\"font-family: arial, helvetica, sans-serif; font-size: 12pt;\">Galerie der Stadt Sindelfingen<\/span><\/td>\n<\/tr>\n<tr style=\"background-color: #008000; height: 36px;\">\n<td style=\"background-color: #ccffae; text-align: center; height: 36px; width: 75.4%;\" colspan=\"2\"><span style=\"font-family: arial, helvetica, sans-serif; font-size: 12pt;\"><strong>2013<\/strong><\/span><\/td>\n<td style=\"background-color: #ccffae; height: 36px; width: 29.6151%;\">&nbsp;<\/td>\n<\/tr>\n<tr style=\"background-color: #008000; height: 58px;\">\n<td style=\"background-color: #edfee3; text-align: right; height: 58px; width: 21.0779%;\"><span style=\"font-family: arial, helvetica, sans-serif; font-size: 12pt;\"><strong>6. &#8211; 8. 12.<\/strong><\/span><\/td>\n<td style=\"background-color: #edfee3; height: 58px; width: 54.3221%;\"><span style=\"font-family: arial, helvetica, sans-serif; font-size: 12pt;\"><strong>Weihnachtsmarkt&nbsp; mit Weihnachtsmann aus Torgau und Stand aus Gy\u00f6r<\/strong><\/span><\/td>\n<td style=\"background-color: #edfee3; height: 58px; width: 29.6151%;\"><span style=\"font-family: arial, helvetica, sans-serif; font-size: 12pt;\">Sindelfingen<\/span><\/td>\n<\/tr>\n<tr style=\"background-color: #008000; height: 36px;\">\n<td style=\"background-color: #edfee3; text-align: right; height: 36px; width: 21.0779%;\"><span style=\"font-family: arial, helvetica, sans-serif; font-size: 12pt;\"><strong>17. &#8211; 31.10.<\/strong><\/span><\/td>\n<td style=\"background-color: #edfee3; height: 36px; width: 54.3221%;\"><span style=\"font-family: arial, helvetica, sans-serif; font-size: 12pt;\"><strong>Comic-Projekt mit Corbeil-Essonnes &#8211; Gegenbesuch<\/strong><\/span><\/td>\n<td style=\"background-color: #edfee3; height: 36px; width: 29.6151%;\"><span style=\"font-family: arial, helvetica, sans-serif; font-size: 12pt;\">Corbeil-Essonnes<\/span><\/td>\n<\/tr>\n<tr style=\"background-color: #008000; height: 36px;\">\n<td style=\"background-color: #edfee3; text-align: right; height: 36px; width: 21.0779%;\"><span style=\"font-family: arial, helvetica, sans-serif; font-size: 12pt;\"><strong>19. &#8211; 20.7.<\/strong><\/span><\/td>\n<td style=\"background-color: #edfee3; height: 36px; width: 54.3221%;\"><span style=\"font-family: arial, helvetica, sans-serif; font-size: 12pt;\"><strong>Zeitspaziergang im Rahmen der 750-Jahrfeier der Stadt Sindelfingen<\/strong><\/span><\/td>\n<td style=\"background-color: #edfee3; height: 36px; width: 29.6151%;\"><span style=\"font-family: arial, helvetica, sans-serif; font-size: 12pt;\">Sindelfingen<\/span><\/td>\n<\/tr>\n<tr style=\"background-color: #008000; height: 58px;\">\n<td style=\"background-color: #edfee3; text-align: right; height: 58px; width: 21.0779%;\"><span style=\"font-family: arial, helvetica, sans-serif; font-size: 12pt;\"><strong>14.7. &#8211; 23.7.<\/strong><\/span><\/td>\n<td style=\"background-color: #edfee3; height: 58px; width: 54.3221%;\"><span style=\"font-family: arial, helvetica, sans-serif; font-size: 12pt;\"><strong>Jugend in Aktion unter dem Motto: Menschen meiner Stadt (Theaterprojekt)<\/strong><\/span><\/td>\n<td style=\"background-color: #edfee3; height: 58px; width: 29.6151%;\"><span style=\"font-family: arial, helvetica, sans-serif; font-size: 12pt;\">Sindelfingen<\/span><\/td>\n<\/tr>\n<tr style=\"background-color: #008000; height: 36px;\">\n<td style=\"background-color: #edfee3; text-align: right; height: 36px; width: 21.0779%;\"><span style=\"font-family: arial, helvetica, sans-serif; font-size: 12pt;\"><strong>14. &#8211; 16.6.<\/strong><\/span><\/td>\n<td style=\"background-color: #edfee3; height: 36px; width: 54.3221%;\"><span style=\"font-family: arial, helvetica, sans-serif; font-size: 12pt;\"><strong>&nbsp;37. Internationales Stra\u00dfenfest<\/strong><\/span><\/td>\n<td style=\"background-color: #edfee3; height: 36px; width: 29.6151%;\"><span style=\"font-family: arial, helvetica, sans-serif; font-size: 12pt;\">Sindelfingen<\/span><\/td>\n<\/tr>\n<tr style=\"background-color: #008000; height: 36px;\">\n<td style=\"background-color: #edfee3; text-align: right; height: 48px; width: 21.0779%;\"><span style=\"font-family: arial, helvetica, sans-serif; font-size: 12pt;\"><strong>24. &#8211; 29.5.<\/strong><\/span><\/td>\n<td style=\"background-color: #edfee3; height: 48px; width: 54.3221%;\"><span style=\"font-family: arial, helvetica, sans-serif; font-size: 12pt;\"><strong>Comic-Projekt mit Corbeil-Essonnes &#8211; Workshop<\/strong><\/span><\/td>\n<td style=\"background-color: #edfee3; height: 48px; width: 29.6151%;\"><span style=\"font-family: arial, helvetica, sans-serif; font-size: 12pt;\">Sindelfingen<\/span><\/td>\n<\/tr>\n<tr style=\"background-color: #008000; height: 36px;\">\n<td style=\"background-color: #edfee3; text-align: right; height: 36px; width: 21.0779%;\"><span style=\"font-family: arial, helvetica, sans-serif; font-size: 12pt;\"><strong>19. &#8211; 21.4.<\/strong><\/span><\/td>\n<td style=\"background-color: #edfee3; height: 36px; width: 54.3221%;\"><span style=\"font-family: arial, helvetica, sans-serif; font-size: 12pt;\"><strong>offizieller Festakt zur 750-Jahrfeier der Stadt Sindelfingen<\/strong><\/span><\/td>\n<td style=\"background-color: #edfee3; height: 36px; width: 29.6151%;\"><span style=\"font-family: arial, helvetica, sans-serif; font-size: 12pt;\">Sindelfingen<\/span><\/td>\n<\/tr>\n<tr style=\"background-color: #008000; height: 36px;\">\n<td style=\"background-color: #edfee3; text-align: right; height: 36px; width: 21.0779%;\"><span style=\"font-family: arial, helvetica, sans-serif; font-size: 12pt;\"><strong>31.3. &#8211; 7.4.<\/strong><\/span><\/td>\n<td style=\"background-color: #edfee3; height: 36px; width: 54.3221%;\"><span style=\"font-family: arial, helvetica, sans-serif; font-size: 12pt;\"><strong><a class=\"wp-oembed\" href=\"http:\/\/www.ispas-ev.de\/?p=2252\">Jugend in Aktion unter dem Motto: Heimat ist &#8230; (Tanzprojekt)<\/a><\/strong><\/span><\/td>\n<td style=\"background-color: #edfee3; height: 36px; width: 29.6151%;\"><span style=\"font-family: arial, helvetica, sans-serif; font-size: 12pt;\">Sindelfingen<\/span><\/td>\n<\/tr>\n<tr style=\"background-color: #008000; height: 58px;\">\n<td style=\"background-color: #edfee3; text-align: right; height: 58px; width: 21.0779%;\"><span style=\"font-family: arial, helvetica, sans-serif; font-size: 12pt;\"><strong>22.2. 17:30<\/strong><\/span><br \/>\n<span style=\"font-family: arial, helvetica, sans-serif; font-size: 12pt;\"><strong>18:30<\/strong><\/span><\/td>\n<td style=\"background-color: #edfee3; height: 58px; width: 54.3221%;\"><span style=\"font-family: arial, helvetica, sans-serif; font-size: 12pt;\"><strong>Otto Pannewitz f\u00fchrt durch die Ausstellung<\/strong><\/span><br \/>\n<span style=\"font-family: arial, helvetica, sans-serif; font-size: 12pt;\"><strong>Jahreshauptversammlung<\/strong><\/span><\/td>\n<td style=\"background-color: #edfee3; height: 58px; width: 29.6151%;\"><span style=\"font-family: arial, helvetica, sans-serif; font-size: 12pt;\">Galerie der Stadt Sindelfingen<\/span><\/td>\n<\/tr>\n<tr style=\"background-color: #008000; height: 36px;\">\n<td style=\"background-color: #ccffae; text-align: center; height: 36px; width: 75.4%;\" colspan=\"2\"><span style=\"font-family: arial, helvetica, sans-serif; font-size: 12pt;\"><strong>2012<\/strong> <\/span><\/td>\n<td style=\"background-color: #ccffae; text-align: left; height: 36px; width: 29.6151%;\">&nbsp;<\/td>\n<\/tr>\n<tr style=\"background-color: #008000; height: 58px;\">\n<td style=\"background-color: #edfee3; text-align: right; height: 58px; width: 21.0779%;\"><span style=\"font-family: arial, helvetica, sans-serif; font-size: 12pt;\">7. &#8211; 9.12.<\/span><\/td>\n<td style=\"background-color: #edfee3; height: 58px; width: 54.3221%;\"><span style=\"font-family: arial, helvetica, sans-serif; font-size: 12pt;\"><a href=\"http:\/\/www.ispas-ev.de\/?p=2226\">R\u00e9ka nimmt Teil: Stand mit ungarischen Spezialit\u00e4ten<\/a><\/span><\/td>\n<td style=\"background-color: #edfee3; height: 58px; width: 29.6151%;\"><span style=\"font-family: arial, helvetica, sans-serif; font-size: 12pt;\">Sindelfinger Weihnachtsmarkt<\/span><\/td>\n<\/tr>\n<tr style=\"background-color: #008000; height: 58px;\">\n<td style=\"background-color: #edfee3; text-align: right; height: 58px; width: 21.0779%;\"><span style=\"font-family: arial, helvetica, sans-serif; font-size: 12pt;\">20. &#8211; 21.11.<\/span><\/td>\n<td style=\"background-color: #edfee3; height: 58px; width: 54.3221%;\"><span style=\"font-family: arial, helvetica, sans-serif; font-size: 12pt;\"><a href=\"http:\/\/www.ispas-ev.de\/?p=2138%20\">Vorf\u00fchrung von Filmen der<br \/>\n&#8222;Internationalen Naturfilmfestivals&#8220; Sondrio<\/a><\/span><\/td>\n<td style=\"background-color: #edfee3; height: 58px; width: 29.6151%;\"><span style=\"font-family: arial, helvetica, sans-serif; font-size: 12pt;\">VHS Vortragssaal<\/span><\/td>\n<\/tr>\n<tr style=\"background-color: #008000; height: 36px;\">\n<td style=\"background-color: #edfee3; text-align: right; height: 36px; width: 21.0779%;\"><span style=\"font-family: arial, helvetica, sans-serif; font-size: 12pt;\">18.11. <em>11:00<\/em><\/span><\/td>\n<td style=\"background-color: #edfee3; height: 36px; width: 54.3221%;\"><span style=\"font-family: arial, helvetica, sans-serif; font-size: 12pt;\">Gedenkstunde zum Volkstrauertag<\/span><\/td>\n<td style=\"background-color: #edfee3; height: 36px; width: 29.6151%;\"><span style=\"font-family: arial, helvetica, sans-serif; font-size: 12pt;\">Alter Friedhof<\/span><\/td>\n<\/tr>\n<tr style=\"background-color: #008000; height: 58px;\">\n<td style=\"background-color: #edfee3; text-align: right; height: 58px; width: 21.0779%;\"><span style=\"font-family: arial, helvetica, sans-serif; font-size: 12pt;\">19.10. &#8211; 17.11.<\/span><\/td>\n<td style=\"background-color: #edfee3; height: 58px; width: 54.3221%;\"><span style=\"font-family: arial, helvetica, sans-serif; font-size: 12pt;\"><a href=\"http:\/\/www.ispas-ev.de\/?p=2124\">Ausstellung &#8222;Paroles urbaines &#8211; Paroles Traditionelles<\/a><\/span><\/td>\n<td style=\"background-color: #edfee3; height: 58px; width: 29.6151%;\"><span style=\"font-family: arial, helvetica, sans-serif; font-size: 12pt;\">Musikschule SMTT Sindelfingen<\/span><\/td>\n<\/tr>\n<tr style=\"background-color: #008000; height: 58px;\">\n<td style=\"background-color: #edfee3; text-align: right; height: 58px; width: 21.0779%;\"><span style=\"font-family: arial, helvetica, sans-serif; font-size: 12pt;\">Sept<\/span><\/td>\n<td style=\"background-color: #edfee3; height: 58px; width: 54.3221%;\"><span style=\"font-family: arial, helvetica, sans-serif; font-size: 12pt;\">Besuchergruppe aus Corbeil-Essonnes zum Venezianischen Karneval in Ludwigsburg zu Gast in Sindelfingen<\/span><\/td>\n<td style=\"background-color: #edfee3; height: 58px; width: 29.6151%;\">&nbsp;<\/td>\n<\/tr>\n<tr style=\"background-color: #008000; height: 36px;\">\n<td style=\"background-color: #edfee3; text-align: right; height: 36px; width: 21.0779%;\"><span style=\"font-family: arial, helvetica, sans-serif; font-size: 12pt;\">16. &#8211; 17.8.<\/span><\/td>\n<td style=\"background-color: #edfee3; height: 36px; width: 54.3221%;\"><span style=\"font-family: arial, helvetica, sans-serif; font-size: 12pt;\"><a href=\"http:\/\/www.ispas-ev.de\/?p=2042\">Tandemverein aus Gy\u0151r<\/a><\/span><\/td>\n<td style=\"background-color: #edfee3; height: 36px; width: 29.6151%;\"><span style=\"font-family: arial, helvetica, sans-serif; font-size: 12pt;\">Sindelfingen<\/span><\/td>\n<\/tr>\n<tr style=\"background-color: #008000; height: 58px;\">\n<td style=\"background-color: #edfee3; text-align: right; height: 58px; width: 21.0779%;\"><span style=\"font-family: arial, helvetica, sans-serif; font-size: 12pt;\">13. &#8211; 15.7.<\/span><\/td>\n<td style=\"background-color: #edfee3; height: 58px; width: 54.3221%;\"><span style=\"font-family: arial, helvetica, sans-serif; font-size: 12pt;\"><a title=\"60 Jahre Partnerschaft mit Schaffhausen -Staffellauf\" href=\"http:\/\/www.ispas-ev.de\/?p=1545\">Staffellauf<\/a> und Radtour nach Schaffhausen<\/span><\/td>\n<td style=\"background-color: #edfee3; height: 58px; width: 29.6151%;\"><span style=\"font-family: arial, helvetica, sans-serif; font-size: 12pt;\">Sindelfingen bis Schaffhausen<\/span><\/td>\n<\/tr>\n<tr style=\"background-color: #008000; height: 58px;\">\n<td style=\"background-color: #edfee3; text-align: right; height: 58px; width: 21.0779%;\"><span style=\"font-family: arial, helvetica, sans-serif; font-size: 12pt;\">13.7.&nbsp; <em>19:30<\/em><\/span><\/td>\n<td style=\"background-color: #edfee3; height: 58px; width: 54.3221%;\"><span style=\"font-family: arial, helvetica, sans-serif; font-size: 12pt;\"><em>Jugend in Aktion<\/em>&nbsp; Performance im <em style=\"background-color: #edfee3;\">Theaterkeller<\/em><\/span><br \/>\n<span style=\"font-family: arial, helvetica, sans-serif; font-size: 12pt;\">Abschlussparty im<em style=\"background-color: #edfee3;\"> Lichtsaal <\/em>neben der Galerie<em style=\"background-color: #edfee3;\"><br \/>\n<\/em><\/span><\/td>\n<td style=\"background-color: #edfee3; height: 58px; width: 29.6151%;\"><span style=\"font-family: arial, helvetica, sans-serif; font-size: 12pt;\">Sindelfingen<\/span><\/td>\n<\/tr>\n<tr style=\"background-color: #008000; height: 58px;\">\n<td style=\"background-color: #edfee3; text-align: right; height: 58px; width: 21.0779%;\"><span style=\"font-family: arial, helvetica, sans-serif; font-size: 12pt;\"><strong>5. &#8211; 13.7.<\/strong><\/span><\/td>\n<td style=\"background-color: #edfee3; height: 58px; width: 54.3221%;\"><span style=\"font-family: arial, helvetica, sans-serif; font-size: 12pt;\"><strong><em>Jugend in Aktion<\/em>, Motto:<\/strong><\/span><br \/>\n<span style=\"font-family: arial, helvetica, sans-serif; font-size: 12pt;\"><strong>Streets of Europe &#8211; in den Stra\u00dfen meiner Stadt<\/strong><\/span><\/td>\n<td style=\"background-color: #edfee3; height: 58px; width: 29.6151%;\"><span style=\"font-family: arial, helvetica, sans-serif; font-size: 12pt;\">Sindelfingen<\/span><\/td>\n<\/tr>\n<tr style=\"background-color: #008000; height: 36px;\">\n<td style=\"background-color: #edfee3; text-align: right; height: 36px; width: 21.0779%;\"><span style=\"font-family: arial, helvetica, sans-serif; font-size: 12pt;\"><strong>22. &#8211; 24.6.<\/strong><\/span><\/td>\n<td style=\"background-color: #edfee3; height: 36px; width: 54.3221%;\"><span style=\"font-family: arial, helvetica, sans-serif; font-size: 12pt;\"><strong><a href=\"http:\/\/www.ispas-ev.de\/?p=1845%20\"><em>60 Jahre St\u00e4dtefreundschaft mit Schaffhausen<\/em> B\u00fcrgerfahrt<\/a><\/strong><\/span><\/td>\n<td style=\"background-color: #edfee3; height: 36px; width: 29.6151%;\"><span style=\"font-family: arial, helvetica, sans-serif; font-size: 12pt;\">Schaffhausen<\/span><\/td>\n<\/tr>\n<tr style=\"background-color: #008000; height: 36px;\">\n<td style=\"background-color: #edfee3; text-align: right; height: 36px; width: 21.0779%;\"><span style=\"font-family: arial, helvetica, sans-serif; font-size: 12pt;\"><strong>15. &#8211; 17.6.<\/strong><\/span><\/td>\n<td style=\"background-color: #edfee3; height: 36px; width: 54.3221%;\"><span style=\"font-family: arial, helvetica, sans-serif; font-size: 12pt;\"><strong><a href=\"http:\/\/www.ispas-ev.de\/?p=1885\">36. Internationales Stra\u00dfenfest<\/a><\/strong><\/span><\/td>\n<td style=\"background-color: #edfee3; height: 36px; width: 29.6151%;\"><span style=\"font-family: arial, helvetica, sans-serif; font-size: 12pt;\">Sindelfingen<\/span><\/td>\n<\/tr>\n<tr style=\"background-color: #008000; height: 36px;\">\n<td style=\"background-color: #edfee3; text-align: right; height: 36px; width: 21.0779%;\"><span style=\"font-family: arial, helvetica, sans-serif; font-size: 12pt;\"><strong>14.6.&nbsp; <em>18:00<\/em><\/strong><\/span><\/td>\n<td style=\"background-color: #edfee3; height: 36px; width: 54.3221%;\"><span style=\"font-family: arial, helvetica, sans-serif; font-size: 12pt;\"><strong>Partnerschaftsabend<\/strong><\/span><\/td>\n<td style=\"background-color: #edfee3; height: 36px; width: 29.6151%;\"><span style=\"font-family: arial, helvetica, sans-serif; font-size: 12pt;\">B\u00fcrgerhaus Maichingen<\/span><\/td>\n<\/tr>\n<tr style=\"background-color: #008000; height: 36px;\">\n<td style=\"background-color: #edfee3; text-align: right; height: 36px; width: 21.0779%;\"><span style=\"font-family: arial, helvetica, sans-serif; font-size: 12pt;\"><strong>16.5. &#8211; 20.5.<\/strong><\/span><\/td>\n<td style=\"background-color: #edfee3; height: 36px; width: 54.3221%;\"><span style=\"font-family: arial, helvetica, sans-serif; font-size: 12pt;\"><strong>Besuchergruppe aus Corbeil-Essonnes zu Gast in Sindelfingen<\/strong><\/span><\/td>\n<td style=\"background-color: #edfee3; height: 36px; width: 29.6151%;\"><span style=\"font-family: arial, helvetica, sans-serif; font-size: 12pt;\">Sindelfingen<\/span><\/td>\n<\/tr>\n<tr style=\"background-color: #008000; height: 58px;\">\n<td style=\"background-color: #edfee3; text-align: right; height: 58px; width: 21.0779%;\"><span style=\"font-family: arial, helvetica, sans-serif; font-size: 12pt;\"><strong>28.4.&nbsp; <em>19:30<\/em><\/strong><\/span><\/td>\n<td style=\"background-color: #edfee3; height: 58px; width: 54.3221%;\"><span style=\"font-family: arial, helvetica, sans-serif; font-size: 12pt;\"><strong><a href=\"http:\/\/www.ispas-ev.de\/wp-content\/uploads\/2012\/04\/Konzert-28.04.12.pdf\">Konzert <\/a>mit dem Singekreis Torgau und dem Liederkranz Darmsheim<\/strong><\/span><\/td>\n<td style=\"background-color: #edfee3; height: 58px; width: 29.6151%;\"><span style=\"font-family: arial, helvetica, sans-serif; font-size: 12pt;\">Turn- und Festhalle Darmsheim<\/span><\/td>\n<\/tr>\n<tr style=\"background-color: #008000; height: 80px;\">\n<td style=\"background-color: #edfee3; text-align: right; height: 80px; width: 21.0779%;\"><span style=\"font-family: arial, helvetica, sans-serif; font-size: 12pt;\"><strong>31.3.&nbsp; <em>12:30<\/em><\/strong><\/span><\/td>\n<td style=\"background-color: #edfee3; height: 80px; width: 54.3221%;\"><span style=\"font-family: arial, helvetica, sans-serif; font-size: 12pt;\"><strong><a href=\"http:\/\/www.ispas-ev.de\/wp-content\/uploads\/2012\/03\/20120301BesuchAusstellungWaldenbuch2.pdf\"><em>60 Jahre St\u00e4dtefreundschaft mit Schaffhausen<\/em><br \/>\nFahrt zur Ausstellung der Schweizer K\u00fcnstlerin Rita Ernst nach Waldenbuch<\/a><\/strong><\/span><\/td>\n<td style=\"background-color: #edfee3; height: 80px; width: 29.6151%;\"><span style=\"font-family: arial, helvetica, sans-serif; font-size: 12pt;\">Sindelfingen, Waldenbuch<\/span><\/td>\n<\/tr>\n<tr style=\"background-color: #008000; height: 58px;\">\n<td style=\"background-color: #edfee3; text-align: right; height: 58px; width: 21.0779%;\"><strong><span style=\"font-family: arial, helvetica, sans-serif; font-size: 12pt;\">17.2.&nbsp; <em>17:30<\/em> <em>18:30<\/em><\/span><\/strong><\/td>\n<td style=\"background-color: #edfee3; height: 58px; width: 54.3221%;\"><strong><span style=\"font-family: arial, helvetica, sans-serif; font-size: 12pt;\"><a title=\"Jahreshauptversammlung 2012 \u2013 Einladung\" href=\"http:\/\/www.ispas-ev.de\/?p=977\"><em>Otto Pannewitz f\u00fchrt durch die Ausstellung<\/em><br \/>\nJahreshauptversammlung<\/a><\/span><\/strong><\/td>\n<td style=\"background-color: #edfee3; height: 58px; width: 29.6151%;\"><span style=\"font-size: 12pt;\">Galerie der Stadt Sindelfingen<\/span><\/td>\n<\/tr>\n<tr style=\"background-color: #008000; height: 36px;\">\n<td style=\"background-color: #ccffae; text-align: center; height: 36px; width: 75.4%;\" colspan=\"2\"><strong><span style=\"font-family: arial, helvetica, sans-serif; font-size: 12pt;\">&nbsp;2011<\/span><\/strong><\/td>\n<td style=\"background-color: #ccffae; height: 36px; width: 29.6151%;\">&nbsp;<\/td>\n<\/tr>\n<tr style=\"background-color: #008000; height: 102px;\">\n<td style=\"background-color: #edfee3; text-align: right; height: 102px; width: 21.0779%;\"><strong><span style=\"font-family: arial, helvetica, sans-serif; font-size: 12pt;\">3.12.<\/span><\/strong><\/td>\n<td style=\"background-color: #edfee3; height: 102px; width: 54.3221%;\"><strong><span style=\"font-family: arial, helvetica, sans-serif; font-size: 12pt;\">50 Jahre Partnerschaft mit Corbeil-Essonnes<\/span><\/strong><br \/>\n<strong><span style=\"font-family: arial, helvetica, sans-serif; font-size: 12pt;\">40 Jahre Partnerschaft mit Dronfield<\/span><\/strong><br \/>\n<strong><span style=\"font-family: arial, helvetica, sans-serif; font-size: 12pt;\">10 Jahre Partnerschaft mit Che\u0142m<\/span><\/strong><br \/>\n<strong><span style=\"font-family: arial, helvetica, sans-serif; font-size: 12pt;\">offizielles Programm der Stadt Sindelfingen<\/span><\/strong><\/td>\n<td style=\"background-color: #edfee3; height: 102px; width: 29.6151%;\"><span style=\"font-family: arial, helvetica, sans-serif; font-size: 12pt;\">Turn- und Festhalle Darmsheim<\/span><\/td>\n<\/tr>\n<tr style=\"background-color: #008000; height: 58px;\">\n<td style=\"background-color: #edfee3; text-align: right; height: 58px; width: 21.0779%;\"><strong><span style=\"font-family: arial, helvetica, sans-serif; font-size: 12pt;\">2. &#8211; 4.12.<\/span><\/strong><\/td>\n<td style=\"background-color: #edfee3; height: 58px; width: 54.3221%;\"><strong><span style=\"font-family: arial, helvetica, sans-serif; font-size: 12pt;\"><a href=\"http:\/\/www.ispas-ev.de\/?p=910%20\">Weihnachtsmarkt<\/a><\/span><\/strong><br \/>\n<strong><span style=\"font-family: arial, helvetica, sans-serif; font-size: 12pt;\"><a href=\"http:\/\/www.ispas-ev.de\/?p=910%20\"> mit St\u00e4nden aus Che\u0142m und Gy\u0151r<\/a><\/span><\/strong><\/td>\n<td style=\"background-color: #edfee3; height: 58px; width: 29.6151%;\"><span style=\"font-family: arial, helvetica, sans-serif; font-size: 12pt;\">Sindelfingen Marktplatz<\/span><\/td>\n<\/tr>\n<tr style=\"background-color: #008000; height: 36px;\">\n<td style=\"background-color: #edfee3; text-align: right; height: 36px; width: 21.0779%;\"><strong><span style=\"font-family: arial, helvetica, sans-serif; font-size: 12pt;\">13.11.<\/span><\/strong><\/td>\n<td style=\"background-color: #edfee3; height: 36px; width: 54.3221%;\"><strong><span style=\"font-family: arial, helvetica, sans-serif; font-size: 12pt;\">Gedenkstunde zum Volkstrauertag<\/span><\/strong><\/td>\n<td style=\"background-color: #edfee3; height: 36px; width: 29.6151%;\"><span style=\"font-family: arial, helvetica, sans-serif; font-size: 12pt;\">Alter Friedhof<\/span><\/td>\n<\/tr>\n<tr style=\"background-color: #008000; height: 36px;\">\n<td style=\"background-color: #edfee3; text-align: right; height: 36px; width: 21.0779%;\"><strong><span style=\"font-family: arial, helvetica, sans-serif; font-size: 12pt;\">11. &#8211; 13.11.<\/span><\/strong><\/td>\n<td style=\"background-color: #edfee3; height: 36px; width: 54.3221%;\"><strong><span style=\"font-family: arial, helvetica, sans-serif; font-size: 12pt;\"><a href=\"http:\/\/www.ispas-ev.de\/?p=922%20\">Buchsalon<\/a><\/span><\/strong><\/td>\n<td style=\"background-color: #edfee3; height: 36px; width: 29.6151%;\"><span style=\"font-family: arial, helvetica, sans-serif; font-size: 12pt;\">Gy\u0151r<\/span><\/td>\n<\/tr>\n<tr style=\"background-color: #008000; height: 36px;\">\n<td style=\"background-color: #edfee3; text-align: right; height: 36px; width: 21.0779%;\"><strong><span style=\"font-family: arial, helvetica, sans-serif; font-size: 12pt;\">22. &#8211; 26.09.<\/span><\/strong><\/td>\n<td style=\"background-color: #edfee3; height: 36px; width: 54.3221%;\"><strong><span style=\"font-family: arial, helvetica, sans-serif; font-size: 12pt;\"><a href=\"http:\/\/www.ispas-ev.de\/wp-content\/uploads\/2012\/03\/20110726Dronfield-Programm.pdf\">B\u00fcrgerfahrt nach Dronfield<\/a><\/span><\/strong><\/td>\n<td style=\"background-color: #edfee3; height: 36px; width: 29.6151%;\"><span style=\"font-family: arial, helvetica, sans-serif; font-size: 12pt;\">Dronfield<\/span><\/td>\n<\/tr>\n<tr style=\"background-color: #008000; height: 58px;\">\n<td style=\"background-color: #edfee3; text-align: right; height: 58px; width: 21.0779%;\"><strong><span style=\"font-family: arial, helvetica, sans-serif; font-size: 12pt;\">14. &#8211; 17.09.<\/span><\/strong><\/td>\n<td style=\"background-color: #edfee3; height: 58px; width: 54.3221%;\"><strong><span style=\"font-family: arial, helvetica, sans-serif; font-size: 12pt;\"><a href=\"http:\/\/www.ispas-ev.de\/?p=1115%20\">Staffellauf nach Corbeil-Essonnes<\/a><\/span><\/strong><\/td>\n<td style=\"background-color: #edfee3; height: 58px; width: 29.6151%;\"><span style=\"font-family: arial, helvetica, sans-serif; font-size: 12pt;\">Sindelfingen bis Corbeil-Essonnes<\/span><\/td>\n<\/tr>\n<\/tbody>\n<\/table>\n<p>&nbsp;<\/p>\n","protected":false},"excerpt":{"rendered":"<p>Zeitpunkt Ereignis Ort 2026 &nbsp; 13.01.26; 19.30 Erweiterte Vorstandssitzung Pfarramt Dreifaltigkeitskirche&nbsp; 2025 &nbsp; 09.12.25; 18.30 Jahresabschlusstreffen in der Gastst\u00e4tte Funzel Funzel Sindelfingen 17.11.25; 15.30 ISPAS Baumpflanzung im Dronfield-Park &nbsp; 02.10. &#8211; 06.10.25 B\u00fcrgerfahrt nach Torgau &nbsp; 16.09.25; 19.30 Erweiterte Vorstandssitzung Pfarramt Dreifaltigkeitskirche 04.07.25; 19.00 Feier &#8222;30 Jahre ISPAS&#8220; Gemeindesaal Dreifaltigkeitskirche 04.07.25; 17.00 Mitgliederversammlung Gemeindesaal Dreifaltigkeitskirche &hellip; <\/p>\n","protected":false},"author":16,"featured_media":0,"parent":0,"menu_order":10,"comment_status":"closed","ping_status":"closed","template":"","meta":{"footnotes":""},"class_list":["post-4","page","type-page","status-publish","hentry","entry"],"_links":{"self":[{"href":"https:\/\/www.ispas-ev.de\/index.php?rest_route=\/wp\/v2\/pages\/4","targetHints":{"allow":["GET"]}}],"collection":[{"href":"https:\/\/www.ispas-ev.de\/index.php?rest_route=\/wp\/v2\/pages"}],"about":[{"href":"https:\/\/www.ispas-ev.de\/index.php?rest_route=\/wp\/v2\/types\/page"}],"author":[{"embeddable":true,"href":"https:\/\/www.ispas-ev.de\/index.php?rest_route=\/wp\/v2\/users\/16"}],"replies":[{"embeddable":true,"href":"https:\/\/www.ispas-ev.de\/index.php?rest_route=%2Fwp%2Fv2%2Fcomments&post=4"}],"version-history":[{"count":296,"href":"https:\/\/www.ispas-ev.de\/index.php?rest_route=\/wp\/v2\/pages\/4\/revisions"}],"predecessor-version":[{"id":7979,"href":"https:\/\/www.ispas-ev.de\/index.php?rest_route=\/wp\/v2\/pages\/4\/revisions\/7979"}],"wp:attachment":[{"href":"https:\/\/www.ispas-ev.de\/index.php?rest_route=%2Fwp%2Fv2%2Fmedia&parent=4"}],"curies":[{"name":"wp","href":"https:\/\/api.w.org\/{rel}","templated":true}]}}